{"id":1408,"date":"2023-09-12T14:41:50","date_gmt":"2023-09-12T12:41:50","guid":{"rendered":"http:\/\/ecole-lamajorelle.com\/?page_id=1408"},"modified":"2023-12-09T23:23:10","modified_gmt":"2023-12-09T22:23:10","slug":"college","status":"publish","type":"page","link":"http:\/\/ecole-lamajorelle.com\/dz\/college\/","title":{"rendered":"\u0643\u0644\u064a\u0629"},"content":{"rendered":"<div class=\"wpb-content-wrapper\"><div data-vc-full-width=\"true\" data-vc-full-width-init=\"false\" data-vc-stretch-content=\"true\" class=\"vc_row wpb_row vc_row-fluid\"><div class=\"wpb_column vc_column_container vc_col-sm-12\"><div class=\"vc_column-inner\"><div class=\"wpb_wrapper\"><div class=\"wpb_layerslider_element wpb_content_element\"><script type=\"text\/javascript\">jQuery(function() { _initLayerSlider( '#layerslider_13_7pnit0kzmivq', {createdWith: '6.5.202', sliderVersion: '7.7.11', type: 'fullwidth', allowFullscreen: true, pauseOnHover: 'enabled', skin: 'numbers', sliderFadeInDuration: 350, hoverPrevNext: false, navStartStop: false, navButtons: false, hoverBottomNav: true, useSrcset: true, skinsPath: 'http:\/\/ecole-lamajorelle.com\/wp-content\/plugins\/LayerSlider\/assets\/static\/layerslider\/skins\/', performanceMode: true}); });<\/script><link href=\"https:\/\/fonts.googleapis.com\/css?family=Lato:100,100i,200,200i,300,300i,400,400i,500,500i,600,600i,700,700i,800,800i,900,900i\" rel=\"stylesheet\"><div id=\"layerslider_13_7pnit0kzmivq\" class=\"ls-wp-container fitvidsignore\" style=\"width:1280px;height:600px;margin:0 auto;margin-bottom: 0px;\"><div class=\"ls-slide\" data-ls=\"bgposition:0% 50%;duration:4000;transition2d:5;kenburnsscale:1.2;\"><img decoding=\"async\" width=\"2560\" height=\"1707\" src=\"https:\/\/ecole-lamajorelle.com\/wp-content\/uploads\/2023\/09\/dreamy-graduate-woman-smiling-thinking-sitting-with-books-scaled.jpg\" class=\"ls-bg\" alt=\"\" srcset=\"https:\/\/ecole-lamajorelle.com\/wp-content\/uploads\/2023\/09\/dreamy-graduate-woman-smiling-thinking-sitting-with-books-scaled.jpg 2560w, https:\/\/ecole-lamajorelle.com\/wp-content\/uploads\/2023\/09\/dreamy-graduate-woman-smiling-thinking-sitting-with-books-scaled-300x200.jpg 300w, https:\/\/ecole-lamajorelle.com\/wp-content\/uploads\/2023\/09\/dreamy-graduate-woman-smiling-thinking-sitting-with-books-scaled-1024x683.jpg 1024w, https:\/\/ecole-lamajorelle.com\/wp-content\/uploads\/2023\/09\/dreamy-graduate-woman-smiling-thinking-sitting-with-books-scaled-18x12.jpg 18w\" sizes=\"(max-width: 2560px) 100vw, 2560px\" \/><img decoding=\"async\" width=\"2560\" height=\"1707\" src=\"https:\/\/ecole-lamajorelle.com\/wp-content\/uploads\/2023\/09\/young-female-university-graduate-academic-cap-sitting-table-smiling-pointing-left-future-lawyer-engineer-showing-idea-scaled.jpg\" class=\"ls-tn\" alt=\"\" srcset=\"https:\/\/ecole-lamajorelle.com\/wp-content\/uploads\/2023\/09\/young-female-university-graduate-academic-cap-sitting-table-smiling-pointing-left-future-lawyer-engineer-showing-idea-scaled.jpg 2560w, https:\/\/ecole-lamajorelle.com\/wp-content\/uploads\/2023\/09\/young-female-university-graduate-academic-cap-sitting-table-smiling-pointing-left-future-lawyer-engineer-showing-idea-scaled-300x200.jpg 300w, https:\/\/ecole-lamajorelle.com\/wp-content\/uploads\/2023\/09\/young-female-university-graduate-academic-cap-sitting-table-smiling-pointing-left-future-lawyer-engineer-showing-idea-scaled-1024x683.jpg 1024w, https:\/\/ecole-lamajorelle.com\/wp-content\/uploads\/2023\/09\/young-female-university-graduate-academic-cap-sitting-table-smiling-pointing-left-future-lawyer-engineer-showing-idea-scaled-18x12.jpg 18w\" sizes=\"(max-width: 2560px) 100vw, 2560px\" \/><div style=\"top:167px;left:115px;text-align:center;font-weight:900;font-style:normal;text-decoration:none;mix-blend-mode:normal;font-family:Lato;font-size:112px;line-height:60px;background-color:#;width:570px;height:86px;color:#312878;\" class=\"ls-l ls-html-layer\" data-ls=\"offsetyin:-50lh;delayin:150;easingin:easeOutQuint;position:relative;\">Coll&egrave;ge<\/div><div style=\"top:282px;left:215px;text-align:center;font-weight:400;font-style:normal;text-decoration:none;mix-blend-mode:normal;font-family:Lato;line-height:22px;width:371px;background-color:#;color:#302e2e;font-size:18px;height:70px;white-space:normal;\" class=\"ls-l ls-html-layer\" data-ls=\"offsetyin:-50px;delayin:200;easingin:easeOutQuint;position:relative;\">Le programme coll&eacute;gial &agrave; La Majorelle est con&ccedil;u pour permettre aux &eacute;l&egrave;ves de d&eacute;velopper les comp&eacute;tences cl&eacute;s dont ils ont besoin pour r&eacute;ussir dans la vie.<\/div><a style=\"\" class=\"ls-l\" href=\"http:\/\/ecole-lamajorelle.com\/dz\/pre-inscription\/\" target=\"_self\" data-ls=\"offsetyin:50px;delayin:200;easingin:easeOutQuint;hover:true;hoveropacity:0.7;position:relative;\"><span style=\"cursor: pointer;top:437px;left:341px;text-align:initial;font-weight:700;font-style:normal;text-decoration:none;mix-blend-mode:normal;color:#ffffff;font-family:Lato;font-size:19px;line-height:24px;padding-top:14px;padding-right:35px;padding-bottom:14px;padding-left:35px;background-color:#312878;\" class=\"ls-button-layer\">PR&Eacute;-INSCRIPTION<\/span><\/a><ls-layer style=\"font-size:93px;stroke:#000;stroke-width:0px;text-align:left;font-style:normal;text-decoration:none;text-transform:none;font-weight:400;letter-spacing:0px;background-position:0% 0%;background-repeat:no-repeat;overflow:visible;top:407px;left:212px;color:#EDBE4B;\" class=\"ls-l ls-icon-layer\"><i class=\"fa fa-edit\"><\/i><\/ls-layer><\/div><\/div><\/div><\/div><\/div><\/div><\/div><div class=\"vc_row-full-width vc_clearfix\"><\/div><div class=\"vc_row wpb_row vc_row-fluid vc_custom_1694215973972 vc_row-has-fill\"><div class=\"wpb_column vc_column_container vc_col-sm-6\"><div class=\"vc_column-inner\"><div class=\"wpb_wrapper\">\n\t<div  class=\"wpb_single_image wpb_content_element vc_align_center\">\n\t\t\n\t\t<figure class=\"wpb_wrapper vc_figure\">\n\t\t\t<div class=\"vc_single_image-wrapper   vc_box_border_grey\"><img decoding=\"async\" width=\"1024\" height=\"768\" src=\"https:\/\/ecole-lamajorelle.com\/wp-content\/uploads\/2023\/08\/LaMajorelle-86-scaled-1024x768.jpg\" class=\"vc_single_image-img attachment-large\" alt=\"\" title=\"LaMajorelle-86\" srcset=\"https:\/\/ecole-lamajorelle.com\/wp-content\/uploads\/2023\/08\/LaMajorelle-86-scaled-1024x768.jpg 1024w, https:\/\/ecole-lamajorelle.com\/wp-content\/uploads\/2023\/08\/LaMajorelle-86-scaled-300x225.jpg 300w, https:\/\/ecole-lamajorelle.com\/wp-content\/uploads\/2023\/08\/LaMajorelle-86-scaled-16x12.jpg 16w\" sizes=\"(max-width: 1024px) 100vw, 1024px\" \/><\/div>\n\t\t<\/figure>\n\t<\/div>\n<\/div><\/div><\/div><div class=\"wpb_column vc_column_container vc_col-sm-6\"><div class=\"vc_column-inner\"><div class=\"wpb_wrapper\">\n\t<div class=\"wpb_text_column wpb_content_element\" >\n\t\t<div class=\"wpb_wrapper\">\n\t\t\t<div class=\"elementor-element elementor-element-24a99b1 elementor-widget elementor-widget-text-editor\" data-id=\"24a99b1\" data-element_type=\"widget\" data-widget_type=\"text-editor.default\">\n<div class=\"elementor-widget-container\">\n<h1 style=\"color: #312878;\"><strong>\u0645\u062f\u0631\u0633\u0629 \u0644\u0627 \u0645\u0627\u062c\u0648\u0631\u064a\u0644<\/strong><\/h1>\n<h4>Une \u00e9cole pour la vie :<\/h4>\n<\/div>\n<p>Le programme coll\u00e9gial \u00e0 La Majorelle est con\u00e7u pour permettre aux \u00e9l\u00e8ves de d\u00e9velopper les comp\u00e9tences cl\u00e9s dont ils ont besoin pour r\u00e9ussir dans la vie, notamment des comp\u00e9tences en r\u00e9solution de probl\u00e8mes, en communication et en collaboration.<\/p>\n<p>Le programme coll\u00e9gial est bas\u00e9 sur l\u2019acquisition de comp\u00e9tences plut\u00f4t que sur la simple m\u00e9morisation de connaissances. Nous encourageons les \u00e9l\u00e8ves \u00e0 apprendre en manipulant, en explorant et en exp\u00e9rimentant, afin qu\u2019ils puissent d\u00e9velopper leur curiosit\u00e9 naturelle et leur capacit\u00e9 \u00e0 apprendre de mani\u00e8re autonome.<\/p>\n<p>Soucieux des \u00e9l\u00e8ves dans leur globalit\u00e9, le programme est agr\u00e9ment\u00e9 de plusieurs cours, sorties, et projets afin de faire de leur passage au coll\u00e8ge une exp\u00e9rience enrichissante et m\u00e9morable. Nous vous invitons donc \u00e0 d\u00e9couvrir notre programme et \u00e0 rejoindre notre communaut\u00e9 d\u2019apprentissage passionn\u00e9e et engag\u00e9e.\n<\/p><\/div>\n\n\t\t<\/div>\n\t<\/div>\n<\/div><\/div><\/div><\/div><div data-vc-full-width=\"true\" data-vc-full-width-init=\"false\" class=\"vc_row wpb_row vc_row-fluid vc_custom_1694217266713 vc_row-has-fill\"><div class=\"wpb_column vc_column_container vc_col-sm-6\"><div class=\"vc_column-inner\"><div class=\"wpb_wrapper\">\n\t<div class=\"wpb_text_column wpb_content_element\" >\n\t\t<div class=\"wpb_wrapper\">\n\t\t\t<div class=\"elementor-element elementor-element-24a99b1 elementor-widget elementor-widget-text-editor\" data-id=\"24a99b1\" data-element_type=\"widget\" data-widget_type=\"text-editor.default\">\n<div class=\"elementor-widget-container\">\n<h1 style=\"color: #ffffff;\"><strong>Programme Coll\u00e8ge<\/strong><\/h1>\n<h4 style=\"color: #ffffff;\">Durant leur coll\u00e8ge, les \u00e9l\u00e8ves sont amen\u00e9s \u00e0 :<\/h4>\n<\/div>\n<ul class=\"list-style-1\" style=\"color: #ffffff;\">\n<li>D\u00e9velopper leur cr\u00e9ativit\u00e9 et leur expression artistique (Art plastique et th\u00e9\u00e2tre)<\/li>\n<li>S\u2019exprimer dans un environnement multilingue et consolider leur maitrise des langues (anglais et fran\u00e7ais), \u00e0 l\u2019oral et \u00e0 l\u2019\u00e9crit<\/li>\n<li>S\u2019ouvrir \u00e0 l\u2019international avec les cours d\u2019espagnol \u2013 langue vivante internationale<\/li>\n<li>Maintenir un mode de vie sain gr\u00e2ce aux activit\u00e9s, sorties et cours d\u2019\u00e9ducation physique et sportive<\/li>\n<li>Pr\u00e9parer aux m\u00e9tiers de demain avec la programmation STEM et l\u2019initiation \u00e0 l\u2019intelligence artificielle<\/li>\n<li>R\u00e9soudre des probl\u00e8mes complexes dans diff\u00e9rents domaines scientifiques et technologiques<\/li>\n<li>D\u00e9velopper leurs capacit\u00e9s de raisonnement et d\u2019abstraction<\/li>\n<li>D\u00e9velopper leur sens de l\u2019organisation et des priorit\u00e9s<\/li>\n<li>Exp\u00e9rimenter des m\u00e9thodes de travail nouvelles et mener \u00e0 terme des projets<\/li>\n<li>Acqu\u00e9rir une exp\u00e9rience pratique et \u00e0 se pr\u00e9parer pour leur avenir professionnel gr\u00e2ce aux stages en entreprise<\/li>\n<li>Poursuivre leur formation avec des programmes canadiens pour les mati\u00e8res de langue (fran\u00e7ais et anglais)<\/li>\n<\/ul>\n<\/div>\n\n\t\t<\/div>\n\t<\/div>\n<\/div><\/div><\/div><div class=\"wpb_column vc_column_container vc_col-sm-6\"><div class=\"vc_column-inner\"><div class=\"wpb_wrapper\"><\/div><\/div><\/div><\/div><div class=\"vc_row-full-width vc_clearfix\"><\/div><div class=\"vc_row wpb_row vc_row-fluid\"><div class=\"wpb_column vc_column_container vc_col-sm-12\"><div class=\"vc_column-inner\"><div class=\"wpb_wrapper\"><div class=\"vc_btn3-container vc_btn3-center\" ><a style=\"background-color:#312878; color:#ffffff;\" class=\"vc_general vc_btn3 vc_btn3-size-md vc_btn3-shape-square vc_btn3-style-custom vc_btn3-icon-left\" href=\"http:\/\/ecole-lamajorelle.com\/dz\/pre-inscription\/\" title=\"\u0627\u0644\u062a\u0633\u062c\u064a\u0644 \u0627\u0644\u0645\u0633\u0628\u0642\" target=\"_blank\"><i class=\"vc_btn3-icon far fa-address-card\"><\/i> \u0627\u0644\u062a\u0633\u062c\u064a\u0644 \u0627\u0644\u0645\u0633\u0628\u0642<\/a><\/div><\/div><\/div><\/div><\/div>\n<\/div>","protected":false},"excerpt":{"rendered":"Coll&egrave;geLe programme coll&eacute;gial &agrave; La Majorelle est con&ccedil;u pour permettre aux &eacute;l&egrave;ves de d&eacute;velopper les comp&eacute;tences cl&eacute;s dont ils ont besoin pour r&eacute;ussir dans la vie.PR&Eacute;-INSCRIPTION \u00c9cole La Majorelle Une \u00e9cole pour la vie : Le programme coll\u00e9gial \u00e0 La Majorelle est con\u00e7u pour permettre aux \u00e9l\u00e8ves de d\u00e9velopper les comp\u00e9tences cl\u00e9s dont ils ont besoin pour r\u00e9ussir dans la&nbsp;<a href=\"http:\/\/ecole-lamajorelle.com\/dz\/college\/\">&hellip;<\/a>","protected":false},"author":1,"featured_media":0,"parent":0,"menu_order":0,"comment_status":"closed","ping_status":"closed","template":"template-home.php","meta":{"_price":"","_stock":"","_tribe_ticket_header":"","_tribe_default_ticket_provider":"","_tribe_ticket_capacity":"0","_ticket_start_date":"","_ticket_end_date":"","_tribe_ticket_show_description":"","_tribe_ticket_show_not_going":false,"_tribe_ticket_use_global_stock":"","_tribe_ticket_global_stock_level":"","_global_stock_mode":"","_global_stock_cap":"","_tribe_rsvp_for_event":"","_tribe_ticket_going_count":"","_tribe_ticket_not_going_count":"","_tribe_tickets_list":"[]","_tribe_ticket_has_attendee_info_fields":false,"_joinchat":[],"footnotes":""},"class_list":["post-1408","page","type-page","status-publish","hentry","odd"],"yoast_head":"<!-- This site is optimized with the Yoast SEO plugin v22.2 - https:\/\/yoast.com\/wordpress\/plugins\/seo\/ -->\n<title>Coll\u00e8ge - L&#039;\u00c9cole La Majorelle<\/title>\n<meta name=\"robots\" content=\"index, follow, max-snippet:-1, max-image-preview:large, max-video-preview:-1\" \/>\n<link rel=\"canonical\" href=\"http:\/\/ecole-lamajorelle.com\/dz\/college\/\" \/>\n<meta property=\"og:locale\" content=\"ar_AR\" \/>\n<meta property=\"og:type\" content=\"article\" \/>\n<meta property=\"og:title\" content=\"Coll\u00e8ge - L&#039;\u00c9cole La Majorelle\" \/>\n<meta property=\"og:url\" content=\"http:\/\/ecole-lamajorelle.com\/dz\/college\/\" \/>\n<meta property=\"og:site_name\" content=\"L&#039;\u00c9cole La Majorelle\" \/>\n<meta property=\"article:modified_time\" content=\"2023-12-09T22:23:10+00:00\" \/>\n<meta name=\"twitter:card\" content=\"summary_large_image\" \/>\n<meta name=\"twitter:label1\" content=\"\u0648\u0642\u062a \u0627\u0644\u0642\u0631\u0627\u0621\u0629 \u0627\u0644\u0645\u064f\u0642\u062f\u0651\u0631\" \/>\n\t<meta name=\"twitter:data1\" content=\"\u062f\u0642\u064a\u0642\u062a\u0627\u0646\" \/>\n<script type=\"application\/ld+json\" class=\"yoast-schema-graph\">{\"@context\":\"https:\/\/schema.org\",\"@graph\":[{\"@type\":\"WebPage\",\"@id\":\"https:\/\/ecole-lamajorelle.com\/college\/\",\"url\":\"https:\/\/ecole-lamajorelle.com\/college\/\",\"name\":\"Coll\u00e8ge - L&#039;\u00c9cole La Majorelle\",\"isPartOf\":{\"@id\":\"https:\/\/ecole-lamajorelle.com\/#website\"},\"datePublished\":\"2023-09-12T12:41:50+00:00\",\"dateModified\":\"2023-12-09T22:23:10+00:00\",\"breadcrumb\":{\"@id\":\"https:\/\/ecole-lamajorelle.com\/college\/#breadcrumb\"},\"inLanguage\":\"ar\",\"potentialAction\":[{\"@type\":\"ReadAction\",\"target\":[\"https:\/\/ecole-lamajorelle.com\/college\/\"]}]},{\"@type\":\"BreadcrumbList\",\"@id\":\"https:\/\/ecole-lamajorelle.com\/college\/#breadcrumb\",\"itemListElement\":[{\"@type\":\"ListItem\",\"position\":1,\"name\":\"Accueil\",\"item\":\"https:\/\/ecole-lamajorelle.com\/\"},{\"@type\":\"ListItem\",\"position\":2,\"name\":\"Coll\u00e8ge\"}]},{\"@type\":\"WebSite\",\"@id\":\"https:\/\/ecole-lamajorelle.com\/#website\",\"url\":\"https:\/\/ecole-lamajorelle.com\/\",\"name\":\"L&#039;\u00c9cole La Majorelle\",\"description\":\"\u00c9cole La Majorelle - \u00c9ducation Bilingue d&#039;Excellence \u00e0 Alger\",\"publisher\":{\"@id\":\"https:\/\/ecole-lamajorelle.com\/#organization\"},\"potentialAction\":[{\"@type\":\"SearchAction\",\"target\":{\"@type\":\"EntryPoint\",\"urlTemplate\":\"https:\/\/ecole-lamajorelle.com\/?s={search_term_string}\"},\"query-input\":\"required name=search_term_string\"}],\"inLanguage\":\"ar\"},{\"@type\":\"Organization\",\"@id\":\"https:\/\/ecole-lamajorelle.com\/#organization\",\"name\":\"L&#039;\u00c9cole La Majorelle\",\"url\":\"https:\/\/ecole-lamajorelle.com\/\",\"logo\":{\"@type\":\"ImageObject\",\"inLanguage\":\"ar\",\"@id\":\"https:\/\/ecole-lamajorelle.com\/#\/schema\/logo\/image\/\",\"url\":\"https:\/\/ecole-lamajorelle.com\/wp-content\/uploads\/2023\/08\/Sans-titre-1.png\",\"contentUrl\":\"https:\/\/ecole-lamajorelle.com\/wp-content\/uploads\/2023\/08\/Sans-titre-1.png\",\"width\":584,\"height\":175,\"caption\":\"L&#039;\u00c9cole La Majorelle\"},\"image\":{\"@id\":\"https:\/\/ecole-lamajorelle.com\/#\/schema\/logo\/image\/\"}}]}<\/script>\n<!-- \/ Yoast SEO plugin. -->","yoast_head_json":{"title":"Coll\u00e8ge - L&#039;\u00c9cole La Majorelle","robots":{"index":"index","follow":"follow","max-snippet":"max-snippet:-1","max-image-preview":"max-image-preview:large","max-video-preview":"max-video-preview:-1"},"canonical":"http:\/\/ecole-lamajorelle.com\/dz\/college\/","og_locale":"ar_AR","og_type":"article","og_title":"Coll\u00e8ge - L&#039;\u00c9cole La Majorelle","og_url":"http:\/\/ecole-lamajorelle.com\/dz\/college\/","og_site_name":"L&#039;\u00c9cole La Majorelle","article_modified_time":"2023-12-09T22:23:10+00:00","twitter_card":"summary_large_image","twitter_misc":{"\u0648\u0642\u062a \u0627\u0644\u0642\u0631\u0627\u0621\u0629 \u0627\u0644\u0645\u064f\u0642\u062f\u0651\u0631":"\u062f\u0642\u064a\u0642\u062a\u0627\u0646"},"schema":{"@context":"https:\/\/schema.org","@graph":[{"@type":"WebPage","@id":"https:\/\/ecole-lamajorelle.com\/college\/","url":"https:\/\/ecole-lamajorelle.com\/college\/","name":"Coll\u00e8ge - L&#039;\u00c9cole La Majorelle","isPartOf":{"@id":"https:\/\/ecole-lamajorelle.com\/#website"},"datePublished":"2023-09-12T12:41:50+00:00","dateModified":"2023-12-09T22:23:10+00:00","breadcrumb":{"@id":"https:\/\/ecole-lamajorelle.com\/college\/#breadcrumb"},"inLanguage":"ar","potentialAction":[{"@type":"ReadAction","target":["https:\/\/ecole-lamajorelle.com\/college\/"]}]},{"@type":"BreadcrumbList","@id":"https:\/\/ecole-lamajorelle.com\/college\/#breadcrumb","itemListElement":[{"@type":"ListItem","position":1,"name":"Accueil","item":"https:\/\/ecole-lamajorelle.com\/"},{"@type":"ListItem","position":2,"name":"Coll\u00e8ge"}]},{"@type":"WebSite","@id":"https:\/\/ecole-lamajorelle.com\/#website","url":"https:\/\/ecole-lamajorelle.com\/","name":"L&#039;\u00c9cole La Majorelle","description":"\u00c9cole La Majorelle - \u00c9ducation Bilingue d&#039;Excellence \u00e0 Alger","publisher":{"@id":"https:\/\/ecole-lamajorelle.com\/#organization"},"potentialAction":[{"@type":"SearchAction","target":{"@type":"EntryPoint","urlTemplate":"https:\/\/ecole-lamajorelle.com\/?s={search_term_string}"},"query-input":"required name=search_term_string"}],"inLanguage":"ar"},{"@type":"Organization","@id":"https:\/\/ecole-lamajorelle.com\/#organization","name":"L&#039;\u00c9cole La Majorelle","url":"https:\/\/ecole-lamajorelle.com\/","logo":{"@type":"ImageObject","inLanguage":"ar","@id":"https:\/\/ecole-lamajorelle.com\/#\/schema\/logo\/image\/","url":"https:\/\/ecole-lamajorelle.com\/wp-content\/uploads\/2023\/08\/Sans-titre-1.png","contentUrl":"https:\/\/ecole-lamajorelle.com\/wp-content\/uploads\/2023\/08\/Sans-titre-1.png","width":584,"height":175,"caption":"L&#039;\u00c9cole La Majorelle"},"image":{"@id":"https:\/\/ecole-lamajorelle.com\/#\/schema\/logo\/image\/"}}]}},"ticketed":false,"_links":{"self":[{"href":"http:\/\/ecole-lamajorelle.com\/dz\/wp-json\/wp\/v2\/pages\/1408","targetHints":{"allow":["GET"]}}],"collection":[{"href":"http:\/\/ecole-lamajorelle.com\/dz\/wp-json\/wp\/v2\/pages"}],"about":[{"href":"http:\/\/ecole-lamajorelle.com\/dz\/wp-json\/wp\/v2\/types\/page"}],"author":[{"embeddable":true,"href":"http:\/\/ecole-lamajorelle.com\/dz\/wp-json\/wp\/v2\/users\/1"}],"replies":[{"embeddable":true,"href":"http:\/\/ecole-lamajorelle.com\/dz\/wp-json\/wp\/v2\/comments?post=1408"}],"version-history":[{"count":13,"href":"http:\/\/ecole-lamajorelle.com\/dz\/wp-json\/wp\/v2\/pages\/1408\/revisions"}],"predecessor-version":[{"id":2354,"href":"http:\/\/ecole-lamajorelle.com\/dz\/wp-json\/wp\/v2\/pages\/1408\/revisions\/2354"}],"wp:attachment":[{"href":"http:\/\/ecole-lamajorelle.com\/dz\/wp-json\/wp\/v2\/media?parent=1408"}],"curies":[{"name":"wp","href":"https:\/\/api.w.org\/{rel}","templated":true}]}}