{"id":1279,"date":"2023-09-09T00:13:21","date_gmt":"2023-09-08T22:13:21","guid":{"rendered":"http:\/\/ecole-lamajorelle.com\/?page_id=1279"},"modified":"2023-12-19T10:50:50","modified_gmt":"2023-12-19T09:50:50","slug":"maternelle","status":"publish","type":"page","link":"https:\/\/ecole-lamajorelle.com\/dz\/maternelle\/","title":{"rendered":"\u0627\u0644\u0627\u0645"},"content":{"rendered":"<div class=\"wpb-content-wrapper\"><div data-vc-full-width=\"true\" data-vc-full-width-init=\"false\" data-vc-stretch-content=\"true\" class=\"vc_row wpb_row vc_row-fluid\"><div class=\"wpb_column vc_column_container vc_col-sm-12\"><div class=\"vc_column-inner\"><div class=\"wpb_wrapper\"><div class=\"wpb_layerslider_element wpb_content_element\"><script type=\"text\/javascript\">jQuery(function() { _initLayerSlider( '#layerslider_8_yorh2l4wamni', {createdWith: '6.5.202', sliderVersion: '7.7.11', type: 'fullwidth', allowFullscreen: true, pauseOnHover: 'enabled', skin: 'numbers', sliderFadeInDuration: 350, hoverPrevNext: false, navStartStop: false, navButtons: false, hoverBottomNav: true, useSrcset: true, skinsPath: 'https:\/\/ecole-lamajorelle.com\/wp-content\/plugins\/LayerSlider\/assets\/static\/layerslider\/skins\/', performanceMode: true}); });<\/script><link href=\"https:\/\/fonts.googleapis.com\/css?family=Lato:100,100i,200,200i,300,300i,400,400i,500,500i,600,600i,700,700i,800,800i,900,900i\" rel=\"stylesheet\"><div id=\"layerslider_8_yorh2l4wamni\" class=\"ls-wp-container fitvidsignore\" style=\"width:1280px;height:600px;margin:0 auto;margin-bottom: 0px;\"><div class=\"ls-slide\" data-ls=\"bgposition:0% 50%;duration:4000;transition2d:5;kenburnsscale:1.2;\"><img decoding=\"async\" width=\"2560\" height=\"1707\" src=\"https:\/\/ecole-lamajorelle.com\/wp-content\/uploads\/2023\/09\/hands-child-who-smeared-1-1-scaled.jpg\" class=\"ls-bg\" alt=\"\" srcset=\"https:\/\/ecole-lamajorelle.com\/wp-content\/uploads\/2023\/09\/hands-child-who-smeared-1-1-scaled.jpg 2560w, https:\/\/ecole-lamajorelle.com\/wp-content\/uploads\/2023\/09\/hands-child-who-smeared-1-1-scaled-300x200.jpg 300w, https:\/\/ecole-lamajorelle.com\/wp-content\/uploads\/2023\/09\/hands-child-who-smeared-1-1-scaled-1024x683.jpg 1024w, https:\/\/ecole-lamajorelle.com\/wp-content\/uploads\/2023\/09\/hands-child-who-smeared-1-1-scaled-18x12.jpg 18w\" sizes=\"(max-width: 2560px) 100vw, 2560px\" \/><img decoding=\"async\" width=\"2560\" height=\"1707\" src=\"https:\/\/ecole-lamajorelle.com\/wp-content\/uploads\/2023\/09\/hands-child-who-smeared-1-1-scaled.jpg\" class=\"ls-tn\" alt=\"\" srcset=\"https:\/\/ecole-lamajorelle.com\/wp-content\/uploads\/2023\/09\/hands-child-who-smeared-1-1-scaled.jpg 2560w, https:\/\/ecole-lamajorelle.com\/wp-content\/uploads\/2023\/09\/hands-child-who-smeared-1-1-scaled-300x200.jpg 300w, https:\/\/ecole-lamajorelle.com\/wp-content\/uploads\/2023\/09\/hands-child-who-smeared-1-1-scaled-1024x683.jpg 1024w, https:\/\/ecole-lamajorelle.com\/wp-content\/uploads\/2023\/09\/hands-child-who-smeared-1-1-scaled-18x12.jpg 18w\" sizes=\"(max-width: 2560px) 100vw, 2560px\" \/><div style=\"top:167px;left:115px;text-align:center;font-weight:900;font-style:normal;text-decoration:none;mix-blend-mode:normal;font-family:Lato;font-size:94px;line-height:60px;background-color:#;width:570px;height:86px;color:#312878;\" class=\"ls-l ls-html-layer\" data-ls=\"offsetyin:-50lh;delayin:150;easingin:easeOutQuint;position:relative;\">\u0627\u0644\u0627\u0645<\/div><div style=\"top:282px;left:215px;text-align:center;font-weight:400;font-style:normal;text-decoration:none;mix-blend-mode:normal;font-family:Lato;line-height:22px;width:371px;background-color:#;color:#302e2e;font-size:18px;height:70px;white-space:normal;\" class=\"ls-l ls-html-layer\" data-ls=\"offsetyin:-50px;delayin:200;easingin:easeOutQuint;position:relative;\">Les classes de maternelle sont destin&eacute;es &agrave; d&eacute;velopper la personnalit&eacute; de l&rsquo;enfant et le pr&eacute;parer &agrave; sa future scolarit&eacute;.<\/div><a style=\"\" class=\"ls-l\" href=\"https:\/\/ecole-lamajorelle.com\/dz\/pre-inscription\/\" target=\"_self\" data-ls=\"offsetyin:50px;delayin:200;easingin:easeOutQuint;hover:true;hoveropacity:0.7;position:relative;\"><span style=\"cursor: pointer;top:437px;left:341px;text-align:initial;font-weight:700;font-style:normal;text-decoration:none;mix-blend-mode:normal;color:#ffffff;font-family:Lato;font-size:19px;line-height:24px;padding-top:14px;padding-right:35px;padding-bottom:14px;padding-left:35px;background-color:#312878;\" class=\"ls-button-layer\">PR&Eacute;-INSCRIPTION<\/span><\/a><ls-layer style=\"font-size:93px;stroke:#000;stroke-width:0px;text-align:left;font-style:normal;text-decoration:none;text-transform:none;font-weight:400;letter-spacing:0px;background-position:0% 0%;background-repeat:no-repeat;overflow:visible;top:407px;left:212px;color:#EDBE4B;\" class=\"ls-l ls-icon-layer\"><i class=\"fa fa-edit\"><\/i><\/ls-layer><\/div><\/div><\/div><\/div><\/div><\/div><\/div><div class=\"vc_row-full-width vc_clearfix\"><\/div><div class=\"vc_row wpb_row vc_row-fluid vc_custom_1694215973972 vc_row-has-fill\"><div class=\"wpb_column vc_column_container vc_col-sm-6\"><div class=\"vc_column-inner\"><div class=\"wpb_wrapper\">\n\t<div  class=\"wpb_single_image wpb_content_element vc_align_center\">\n\t\t\n\t\t<figure class=\"wpb_wrapper vc_figure\">\n\t\t\t<div class=\"vc_single_image-wrapper   vc_box_border_grey\"><img decoding=\"async\" width=\"1024\" height=\"768\" src=\"https:\/\/ecole-lamajorelle.com\/wp-content\/uploads\/2023\/08\/creche-1-1024x768.jpg\" class=\"vc_single_image-img attachment-large\" alt=\"\" title=\"cr\u00e8che (1)\" srcset=\"https:\/\/ecole-lamajorelle.com\/wp-content\/uploads\/2023\/08\/creche-1-1024x768.jpg 1024w, https:\/\/ecole-lamajorelle.com\/wp-content\/uploads\/2023\/08\/creche-1-300x225.jpg 300w, https:\/\/ecole-lamajorelle.com\/wp-content\/uploads\/2023\/08\/creche-1-16x12.jpg 16w, https:\/\/ecole-lamajorelle.com\/wp-content\/uploads\/2023\/08\/creche-1-150x113.jpg 150w, https:\/\/ecole-lamajorelle.com\/wp-content\/uploads\/2023\/08\/creche-1.jpg 1976w\" sizes=\"(max-width: 1024px) 100vw, 1024px\" \/><\/div>\n\t\t<\/figure>\n\t<\/div>\n<\/div><\/div><\/div><div class=\"wpb_column vc_column_container vc_col-sm-6\"><div class=\"vc_column-inner\"><div class=\"wpb_wrapper\">\n\t<div class=\"wpb_text_column wpb_content_element\" >\n\t\t<div class=\"wpb_wrapper\">\n\t\t\t<div class=\"elementor-element elementor-element-24a99b1 elementor-widget elementor-widget-text-editor\" data-id=\"24a99b1\" data-element_type=\"widget\" data-widget_type=\"text-editor.default\">\n<div class=\"elementor-widget-container\">\n<h1 style=\"color: #312878;\"><strong>FAITES EQUIPE AVEC VOTRE ECOLE<\/strong><\/h1>\n<h4>Pour ses classes de maternelle, La Majorelle offre 3 niveaux :<\/h4>\n<ul>\n<li>la petite section<\/li>\n<li>la moyenne section<\/li>\n<li>la grande section<\/li>\n<\/ul>\n<\/div>\n<p>Les classes de maternelle sont destin\u00e9es \u00e0 d\u00e9velopper la personnalit\u00e9 de l\u2019enfant et le pr\u00e9parer \u00e0 sa future scolarit\u00e9. Nous croyons qu\u2019il est primordial que les enfants trouvent du plaisir \u00e0 l\u2019\u00e9cole afin de stimuler leur d\u00e9sir d\u2019apprendre toujours davantage. Le programme est mod\u00e9lis\u00e9 sur les pratiques actuelles de la Petite Enfance au Canada et favorise le d\u00e9veloppement global de l\u2019enfant notamment au plan personnel, social, moteur et cognitif. Il vise \u00e0 ce que chaque \u00e9l\u00e8ve d\u00e9veloppe sainement son plein potentiel dans un environnement contr\u00f4l\u00e9 et s\u00e9curitaire.\n<\/p><\/div>\n\n\t\t<\/div>\n\t<\/div>\n<\/div><\/div><\/div><\/div><div data-vc-full-width=\"true\" data-vc-full-width-init=\"false\" class=\"vc_row wpb_row vc_row-fluid vc_custom_1694217266713 vc_row-has-fill\"><div class=\"wpb_column vc_column_container vc_col-sm-6\"><div class=\"vc_column-inner\"><div class=\"wpb_wrapper\">\n\t<div class=\"wpb_text_column wpb_content_element\" >\n\t\t<div class=\"wpb_wrapper\">\n\t\t\t<div class=\"elementor-element elementor-element-24a99b1 elementor-widget elementor-widget-text-editor\" data-id=\"24a99b1\" data-element_type=\"widget\" data-widget_type=\"text-editor.default\">\n<div class=\"elementor-widget-container\">\n<h1 style=\"color: #ffffff;\"><strong>Programme Maternelle<\/strong><\/h1>\n<h4 style=\"color: #ffffff;\">Durant ces premi\u00e8res ann\u00e9es, les \u00e9l\u00e8ves sont amen\u00e9s \u00e0 :<\/h4>\n<\/div>\n<ul class=\"list-style-1\" style=\"color: #ffffff;\">\n<li>Affirmer leur personnalit\u00e9 et apprendre \u00e0 se connaitre<\/li>\n<li>Accroitre leur imagination et encourager leur cr\u00e9ativit\u00e9<\/li>\n<li>Entrer en relation avec les autres enfants et travailler en groupe<\/li>\n<li>Acqu\u00e9rir de l\u2019autonomie et prendre des responsabilit\u00e9s<\/li>\n<li>Exp\u00e9rimenter des m\u00e9thodes de travail et mener \u00e0 terme des projets<\/li>\n<li>Acqu\u00e9rir une capacit\u00e9 d\u2019attention et de concentration<\/li>\n<li>D\u00e9couvrir l\u2019\u00e9crit<\/li>\n<li>Exercer leur esprit logique<\/li>\n<li>S\u2019exprimer dans un environnement multilingue (Immersion anglaise et fran\u00e7aise)<\/li>\n<\/ul>\n<p style=\"color: #ffffff;\">Les journ\u00e9es sont donc rythm\u00e9es par des s\u00e9quences d\u2019activit\u00e9s, variables selon les niveaux, visant \u00e0 faire acqu\u00e9rir des comp\u00e9tences essentielles pour la scolarit\u00e9 future. Le r\u00f4le des \u00e9ducatrices est d\u2019accompagner, de solliciter et d\u2019encourager les enfants \u00e0 se surpasser dans les diff\u00e9rentes situations d\u2019apprentissage et ce, tout en respectant la progression naturelle de chacun.<\/p>\n<\/div>\n\n\t\t<\/div>\n\t<\/div>\n<\/div><\/div><\/div><div class=\"wpb_column vc_column_container vc_col-sm-6\"><div class=\"vc_column-inner\"><div class=\"wpb_wrapper\">\n\t<div  class=\"wpb_single_image wpb_content_element vc_align_center\">\n\t\t\n\t\t<figure class=\"wpb_wrapper vc_figure\">\n\t\t\t<div class=\"vc_single_image-wrapper   vc_box_border_grey\"><img decoding=\"async\" width=\"1024\" height=\"768\" src=\"https:\/\/ecole-lamajorelle.com\/wp-content\/uploads\/2023\/08\/creche-1-1024x768.jpg\" class=\"vc_single_image-img attachment-large\" alt=\"\" title=\"cr\u00e8che (1)\" srcset=\"https:\/\/ecole-lamajorelle.com\/wp-content\/uploads\/2023\/08\/creche-1-1024x768.jpg 1024w, https:\/\/ecole-lamajorelle.com\/wp-content\/uploads\/2023\/08\/creche-1-300x225.jpg 300w, https:\/\/ecole-lamajorelle.com\/wp-content\/uploads\/2023\/08\/creche-1-16x12.jpg 16w, https:\/\/ecole-lamajorelle.com\/wp-content\/uploads\/2023\/08\/creche-1-150x113.jpg 150w, https:\/\/ecole-lamajorelle.com\/wp-content\/uploads\/2023\/08\/creche-1.jpg 1976w\" sizes=\"(max-width: 1024px) 100vw, 1024px\" \/><\/div>\n\t\t<\/figure>\n\t<\/div>\n\n\t<div class=\"wpb_text_column wpb_content_element\" >\n\t\t<div class=\"wpb_wrapper\">\n\t\t\t<p style=\"color: #ffffff;\">Nous sommes confiants que les \u00e9l\u00e8ves de Georges Vanier termineront leur maternelle bien outill\u00e9s, confiants et pr\u00eats pour que leur entr\u00e9e au primaire se d\u00e9roule en douceur.<\/p>\n\n\t\t<\/div>\n\t<\/div>\n<div class=\"vc_btn3-container vc_btn3-inline\" ><a style=\"background-color:#ffffff; color:#312878;\" class=\"vc_general vc_btn3 vc_btn3-size-md vc_btn3-shape-square vc_btn3-style-custom\" href=\"https:\/\/ecole-lamajorelle.com\/dz\/pre-inscription\/\" title=\"\u0627\u0644\u062a\u0633\u062c\u064a\u0644 \u0627\u0644\u0645\u0633\u0628\u0642\" target=\"_blank\">\u0627\u0644\u062a\u0633\u062c\u064a\u0644 \u0627\u0644\u0645\u0633\u0628\u0642<\/a><\/div><\/div><\/div><\/div><\/div><div class=\"vc_row-full-width vc_clearfix\"><\/div><div class=\"vc_row wpb_row vc_row-fluid\"><div class=\"wpb_column vc_column_container vc_col-sm-12\"><div class=\"vc_column-inner\"><div class=\"wpb_wrapper\">\n\t<div class=\"wpb_text_column wpb_content_element\" >\n\t\t<div class=\"wpb_wrapper\">\n\t\t\t<h1 class=\"rtin-title rt-video-title\" style=\"text-align: center;\"><strong>#Une \u00e9cole pour la vie<\/strong><\/h1>\n\n\t\t<\/div>\n\t<\/div>\n<\/div><\/div><\/div><\/div><div data-vc-full-width=\"true\" data-vc-full-width-init=\"false\" class=\"vc_row wpb_row vc_row-fluid vc_custom_1694217409416 vc_row-has-fill\"><div class=\"wpb_column vc_column_container vc_col-sm-6\"><div class=\"vc_column-inner\"><div class=\"wpb_wrapper\"><div class=\"vc_tta-container\" data-vc-action=\"collapse\"><div class=\"vc_general vc_tta vc_tta-accordion vc_tta-color-grey vc_tta-style-classic vc_tta-shape-rounded vc_tta-o-shape-group vc_tta-controls-align-default\"><div class=\"vc_tta-panels-container\"><div class=\"vc_tta-panels\"><div class=\"vc_tta-panel vc_active\" id=\"1694217335652-4b718230-314f\" data-vc-content=\".vc_tta-panel-body\"><div class=\"vc_tta-panel-heading\"><h4 class=\"vc_tta-panel-title vc_tta-controls-icon-position-right\"><a href=\"#1694217335652-4b718230-314f\" data-vc-accordion data-vc-container=\".vc_tta-container\"><span class=\"vc_tta-title-text\">Univers Social<\/span><i class=\"vc_tta-controls-icon vc_tta-controls-icon-plus\"><\/i><\/a><\/h4><\/div><div class=\"vc_tta-panel-body\">\n\t<div class=\"wpb_text_column wpb_content_element\" >\n\t\t<div class=\"wpb_wrapper\">\n\t\t\t<ul class=\"ztl-list\">\n<li>Inculquer les r\u00e8gles de vie en soci\u00e9t\u00e9 en insistant sur le respect des autres et la politesse<\/li>\n<li>D\u00e9velopper le sens des responsabilit\u00e9s<\/li>\n<li>S\u2019ouvrir sur le monde\u00a0: transmission des valeurs islamiques tout en respectant les diff\u00e9rences culturelles<\/li>\n<\/ul>\n\n\t\t<\/div>\n\t<\/div>\n<\/div><\/div><div class=\"vc_tta-panel\" id=\"1694513938666-6fe6340e-5e59\" data-vc-content=\".vc_tta-panel-body\"><div class=\"vc_tta-panel-heading\"><h4 class=\"vc_tta-panel-title vc_tta-controls-icon-position-right\"><a href=\"#1694513938666-6fe6340e-5e59\" data-vc-accordion data-vc-container=\".vc_tta-container\"><span class=\"vc_tta-title-text\">Communication<\/span><i class=\"vc_tta-controls-icon vc_tta-controls-icon-plus\"><\/i><\/a><\/h4><\/div><div class=\"vc_tta-panel-body\">\n\t<div class=\"wpb_text_column wpb_content_element\" >\n\t\t<div class=\"wpb_wrapper\">\n\t\t\t<ul class=\"ztl-list\">\n<li>Ateliers de causerie, pi\u00e8ces de th\u00e9\u00e2tre, contes, chants; diff\u00e9rents moyens sont utilis\u00e9s pour permettre aux enfants de s\u2019exprimer clairement et avec \u00e9loquence.<\/li>\n<li>Exposition quotidienne \u00e0 l\u2019anglais et au fran\u00e7ais- immersion linguistique<\/li>\n<li>Une attention particuli\u00e8re est apport\u00e9e \u00e0 la correction du langage<\/li>\n<\/ul>\n\n\t\t<\/div>\n\t<\/div>\n<\/div><\/div><div class=\"vc_tta-panel\" id=\"1694217335664-15b64c86-f005\" data-vc-content=\".vc_tta-panel-body\"><div class=\"vc_tta-panel-heading\"><h4 class=\"vc_tta-panel-title vc_tta-controls-icon-position-right\"><a href=\"#1694217335664-15b64c86-f005\" data-vc-accordion data-vc-container=\".vc_tta-container\"><span class=\"vc_tta-title-text\">\u00c9veil \u00e0 la lecture et \u00e0 l'\u00e9criture<\/span><i class=\"vc_tta-controls-icon vc_tta-controls-icon-plus\"><\/i><\/a><\/h4><\/div><div class=\"vc_tta-panel-body\">\n\t<div class=\"wpb_text_column wpb_content_element\" >\n\t\t<div class=\"wpb_wrapper\">\n\t\t\t<ul class=\"ztl-list\">\n<li>Apprentissage des lettres<\/li>\n<li>Lecture de contes et autres ouvrages<\/li>\n<li>Ecriture des lettres<\/li>\n<li>Organisation de l\u2019espace graphique par divers exercices de trac\u00e9 et de dessin<\/li>\n<\/ul>\n\n\t\t<\/div>\n\t<\/div>\n<\/div><\/div><div class=\"vc_tta-panel\" id=\"1694514038204-e30d5e03-d6f6\" data-vc-content=\".vc_tta-panel-body\"><div class=\"vc_tta-panel-heading\"><h4 class=\"vc_tta-panel-title vc_tta-controls-icon-position-right\"><a href=\"#1694514038204-e30d5e03-d6f6\" data-vc-accordion data-vc-container=\".vc_tta-container\"><span class=\"vc_tta-title-text\">\u00c9veil aux math\u00e9matiques<\/span><i class=\"vc_tta-controls-icon vc_tta-controls-icon-plus\"><\/i><\/a><\/h4><\/div><div class=\"vc_tta-panel-body\">\n\t<div class=\"wpb_text_column wpb_content_element\" >\n\t\t<div class=\"wpb_wrapper\">\n\t\t\t<ul class=\"ztl-list\">\n<li>Ateliers et exercices visant \u00e0 faire d\u00e9couvrir et maitriser les<br \/>\nnotions de relations spatiales et temporelles, les ensembles, les<br \/>\nrelations quantitatives et les notions de mesure<\/li>\n<li>Apprentissages des nombres en anglais, fran\u00e7ais et arabe<\/li>\n<\/ul>\n\n\t\t<\/div>\n\t<\/div>\n<\/div><\/div><\/div><\/div><\/div><\/div><\/div><\/div><\/div><div class=\"wpb_column vc_column_container vc_col-sm-6\"><div class=\"vc_column-inner\"><div class=\"wpb_wrapper\"><div class=\"vc_tta-container\" data-vc-action=\"collapse\"><div class=\"vc_general vc_tta vc_tta-accordion vc_tta-color-grey vc_tta-style-classic vc_tta-shape-rounded vc_tta-o-shape-group vc_tta-controls-align-default\"><div class=\"vc_tta-panels-container\"><div class=\"vc_tta-panels\"><div class=\"vc_tta-panel vc_active\" id=\"1694513945919-8ab6fac6-61f1\" data-vc-content=\".vc_tta-panel-body\"><div class=\"vc_tta-panel-heading\"><h4 class=\"vc_tta-panel-title vc_tta-controls-icon-position-right\"><a href=\"#1694513945919-8ab6fac6-61f1\" data-vc-accordion data-vc-container=\".vc_tta-container\"><span class=\"vc_tta-title-text\">Sciences<\/span><i class=\"vc_tta-controls-icon vc_tta-controls-icon-plus\"><\/i><\/a><\/h4><\/div><div class=\"vc_tta-panel-body\">\n\t<div class=\"wpb_text_column wpb_content_element\" >\n\t\t<div class=\"wpb_wrapper\">\n\t\t\t<ul class=\"ztl-list\">\n<li>Ateliers d\u2019exploration de l\u2019environnement et de la faune<\/li>\n<li>Sensibilisation \u00e0 l\u2019importance d\u2019une alimentation \u00e9quilibr\u00e9e<\/li>\n<li>Ateliers divers sur la sant\u00e9 et le corps humain<\/li>\n<\/ul>\n\n\t\t<\/div>\n\t<\/div>\n<\/div><\/div><div class=\"vc_tta-panel\" id=\"1694513945934-5df59650-e5ce\" data-vc-content=\".vc_tta-panel-body\"><div class=\"vc_tta-panel-heading\"><h4 class=\"vc_tta-panel-title vc_tta-controls-icon-position-right\"><a href=\"#1694513945934-5df59650-e5ce\" data-vc-accordion data-vc-container=\".vc_tta-container\"><span class=\"vc_tta-title-text\">Initiation \u00e0 l'informatique<\/span><i class=\"vc_tta-controls-icon vc_tta-controls-icon-plus\"><\/i><\/a><\/h4><\/div><div class=\"vc_tta-panel-body\">\n\t<div class=\"wpb_text_column wpb_content_element\" >\n\t\t<div class=\"wpb_wrapper\">\n\t\t\t<ul class=\"ztl-list\">\n<li>Ateliers de familiarisation \u00e0 l\u2019aide de logiciels \u00e9ducatifs<\/li>\n<\/ul>\n\n\t\t<\/div>\n\t<\/div>\n<\/div><\/div><div class=\"vc_tta-panel\" id=\"1694513945945-688eb6f4-f7db\" data-vc-content=\".vc_tta-panel-body\"><div class=\"vc_tta-panel-heading\"><h4 class=\"vc_tta-panel-title vc_tta-controls-icon-position-right\"><a href=\"#1694513945945-688eb6f4-f7db\" data-vc-accordion data-vc-container=\".vc_tta-container\"><span class=\"vc_tta-title-text\">Psychomotricit\u00e9<\/span><i class=\"vc_tta-controls-icon vc_tta-controls-icon-plus\"><\/i><\/a><\/h4><\/div><div class=\"vc_tta-panel-body\">\n\t<div class=\"wpb_text_column wpb_content_element\" >\n\t\t<div class=\"wpb_wrapper\">\n\t\t\t<ul class=\"ztl-list\">\n<li>Atelier visant \u00e0 d\u00e9velopper l\u2019orientation dans l\u2019espace et le temps ainsi que les habilet\u00e9s de motricit\u00e9 globale et de motricit\u00e9 fine<\/li>\n<li>D\u00e9veloppement du tonus musculaire et du syst\u00e8me locomoteur via<br \/>\nl\u2019exposition fr\u00e9quente \u00e0 des parcours divers en salle de motricit\u00e9.<\/li>\n<\/ul>\n\n\t\t<\/div>\n\t<\/div>\n<\/div><\/div><div class=\"vc_tta-panel\" id=\"1694514126734-6e54d93a-6b98\" data-vc-content=\".vc_tta-panel-body\"><div class=\"vc_tta-panel-heading\"><h4 class=\"vc_tta-panel-title vc_tta-controls-icon-position-right\"><a href=\"#1694514126734-6e54d93a-6b98\" data-vc-accordion data-vc-container=\".vc_tta-container\"><span class=\"vc_tta-title-text\">Sport et arts martiaux<\/span><i class=\"vc_tta-controls-icon vc_tta-controls-icon-plus\"><\/i><\/a><\/h4><\/div><div class=\"vc_tta-panel-body\">\n\t<div class=\"wpb_text_column wpb_content_element\" >\n\t\t<div class=\"wpb_wrapper\">\n\t\t\t<ul class=\"ztl-list\">\n<li>Initiation \u00e0 diff\u00e9rents jeux d\u2019\u00e9quipe et arts martiaux<\/li>\n<\/ul>\n\n\t\t<\/div>\n\t<\/div>\n<\/div><\/div><\/div><\/div><\/div><\/div><\/div><\/div><\/div><\/div><div class=\"vc_row-full-width vc_clearfix\"><\/div><div class=\"vc_row wpb_row vc_row-fluid\"><div class=\"wpb_column vc_column_container vc_col-sm-12\"><div class=\"vc_column-inner\"><div class=\"wpb_wrapper\"><div class=\"vc_btn3-container vc_btn3-center\" ><a style=\"background-color:#312878; color:#ffffff;\" class=\"vc_general vc_btn3 vc_btn3-size-md vc_btn3-shape-square vc_btn3-style-custom vc_btn3-icon-left\" href=\"https:\/\/ecole-lamajorelle.com\/dz\/pre-inscription\/\" title=\"\u0627\u0644\u062a\u0633\u062c\u064a\u0644 \u0627\u0644\u0645\u0633\u0628\u0642\" target=\"_blank\"><i class=\"vc_btn3-icon far fa-address-card\"><\/i> \u0627\u0644\u062a\u0633\u062c\u064a\u0644 \u0627\u0644\u0645\u0633\u0628\u0642<\/a><\/div><\/div><\/div><\/div><\/div>\n<\/div>","protected":false},"excerpt":{"rendered":"MaternelleLes classes de maternelle sont destin&eacute;es &agrave; d&eacute;velopper la personnalit&eacute; de l&rsquo;enfant et le pr&eacute;parer &agrave; sa future scolarit&eacute;.PR&Eacute;-INSCRIPTION FAITES EQUIPE AVEC VOTRE ECOLE Pour ses classes de maternelle, La Majorelle offre 3 niveaux : la petite section la moyenne section la grande section Les classes de maternelle sont destin\u00e9es \u00e0 d\u00e9velopper la personnalit\u00e9 de l\u2019enfant et le pr\u00e9parer \u00e0&nbsp;<a href=\"https:\/\/ecole-lamajorelle.com\/dz\/maternelle\/\">&hellip;<\/a>","protected":false},"author":1,"featured_media":0,"parent":0,"menu_order":0,"comment_status":"closed","ping_status":"closed","template":"template-home.php","meta":{"_price":"","_stock":"","_tribe_ticket_header":"","_tribe_default_ticket_provider":"","_tribe_ticket_capacity":"0","_ticket_start_date":"","_ticket_end_date":"","_tribe_ticket_show_description":"","_tribe_ticket_show_not_going":false,"_tribe_ticket_use_global_stock":"","_tribe_ticket_global_stock_level":"","_global_stock_mode":"","_global_stock_cap":"","_tribe_rsvp_for_event":"","_tribe_ticket_going_count":"","_tribe_ticket_not_going_count":"","_tribe_tickets_list":"[]","_tribe_ticket_has_attendee_info_fields":false,"_joinchat":[],"footnotes":""},"class_list":["post-1279","page","type-page","status-publish","hentry","odd"],"yoast_head":"<!-- This site is optimized with the Yoast SEO plugin v22.2 - https:\/\/yoast.com\/wordpress\/plugins\/seo\/ -->\n<title>Maternelle \u00e0 l&#039;\u00c9cole La Majorelle - Fondations pour l&#039;Avenir<\/title>\n<meta name=\"description\" content=\"Bienvenue \u00e0 la section maternelle de l&#039;\u00c9cole La Majorelle, o\u00f9 nous posons les premi\u00e8res pierres de l&#039;\u00e9ducation de votre enfant. Notre approche p\u00e9dagogique en maternelle favorise l&#039;apprentissage par le jeu, la cr\u00e9ativit\u00e9 et l&#039;\u00e9veil aux langues, offrant une base solide en fran\u00e7ais et en anglais. Situ\u00e9e \u00e0 Ch\u00e9raga, Alger, notre maternelle est un lieu o\u00f9 chaque enfant peut grandir, explorer et s&#039;\u00e9panouir dans un environnement chaleureux et stimulant.\" \/>\n<meta name=\"robots\" content=\"index, follow, max-snippet:-1, max-image-preview:large, max-video-preview:-1\" \/>\n<link rel=\"canonical\" href=\"https:\/\/ecole-lamajorelle.com\/dz\/maternelle\/\" \/>\n<meta property=\"og:locale\" content=\"ar_AR\" \/>\n<meta property=\"og:type\" content=\"article\" \/>\n<meta property=\"og:title\" content=\"Maternelle \u00e0 l&#039;\u00c9cole La Majorelle - Fondations pour l&#039;Avenir\" \/>\n<meta property=\"og:description\" content=\"Bienvenue \u00e0 la section maternelle de l&#039;\u00c9cole La Majorelle, o\u00f9 nous posons les premi\u00e8res pierres de l&#039;\u00e9ducation de votre enfant. Notre approche p\u00e9dagogique en maternelle favorise l&#039;apprentissage par le jeu, la cr\u00e9ativit\u00e9 et l&#039;\u00e9veil aux langues, offrant une base solide en fran\u00e7ais et en anglais. Situ\u00e9e \u00e0 Ch\u00e9raga, Alger, notre maternelle est un lieu o\u00f9 chaque enfant peut grandir, explorer et s&#039;\u00e9panouir dans un environnement chaleureux et stimulant.\" \/>\n<meta property=\"og:url\" content=\"https:\/\/ecole-lamajorelle.com\/dz\/maternelle\/\" \/>\n<meta property=\"og:site_name\" content=\"L&#039;\u00c9cole La Majorelle\" \/>\n<meta property=\"article:modified_time\" content=\"2023-12-19T09:50:50+00:00\" \/>\n<meta name=\"twitter:card\" content=\"summary_large_image\" \/>\n<meta name=\"twitter:label1\" content=\"\u0648\u0642\u062a \u0627\u0644\u0642\u0631\u0627\u0621\u0629 \u0627\u0644\u0645\u064f\u0642\u062f\u0651\u0631\" \/>\n\t<meta name=\"twitter:data1\" content=\"3 \u062f\u0642\u0627\u0626\u0642\" \/>\n<script type=\"application\/ld+json\" class=\"yoast-schema-graph\">{\"@context\":\"https:\/\/schema.org\",\"@graph\":[{\"@type\":\"WebPage\",\"@id\":\"https:\/\/ecole-lamajorelle.com\/maternelle\/\",\"url\":\"https:\/\/ecole-lamajorelle.com\/maternelle\/\",\"name\":\"Maternelle \u00e0 l'\u00c9cole La Majorelle - Fondations pour l'Avenir\",\"isPartOf\":{\"@id\":\"https:\/\/ecole-lamajorelle.com\/#website\"},\"datePublished\":\"2023-09-08T22:13:21+00:00\",\"dateModified\":\"2023-12-19T09:50:50+00:00\",\"description\":\"Bienvenue \u00e0 la section maternelle de l'\u00c9cole La Majorelle, o\u00f9 nous posons les premi\u00e8res pierres de l'\u00e9ducation de votre enfant. Notre approche p\u00e9dagogique en maternelle favorise l'apprentissage par le jeu, la cr\u00e9ativit\u00e9 et l'\u00e9veil aux langues, offrant une base solide en fran\u00e7ais et en anglais. Situ\u00e9e \u00e0 Ch\u00e9raga, Alger, notre maternelle est un lieu o\u00f9 chaque enfant peut grandir, explorer et s'\u00e9panouir dans un environnement chaleureux et stimulant.\",\"breadcrumb\":{\"@id\":\"https:\/\/ecole-lamajorelle.com\/maternelle\/#breadcrumb\"},\"inLanguage\":\"ar\",\"potentialAction\":[{\"@type\":\"ReadAction\",\"target\":[\"https:\/\/ecole-lamajorelle.com\/maternelle\/\"]}]},{\"@type\":\"BreadcrumbList\",\"@id\":\"https:\/\/ecole-lamajorelle.com\/maternelle\/#breadcrumb\",\"itemListElement\":[{\"@type\":\"ListItem\",\"position\":1,\"name\":\"Accueil\",\"item\":\"https:\/\/ecole-lamajorelle.com\/\"},{\"@type\":\"ListItem\",\"position\":2,\"name\":\"Maternelle\"}]},{\"@type\":\"WebSite\",\"@id\":\"https:\/\/ecole-lamajorelle.com\/#website\",\"url\":\"https:\/\/ecole-lamajorelle.com\/\",\"name\":\"L&#039;\u00c9cole La Majorelle\",\"description\":\"\u00c9cole La Majorelle - \u00c9ducation Bilingue d&#039;Excellence \u00e0 Alger\",\"publisher\":{\"@id\":\"https:\/\/ecole-lamajorelle.com\/#organization\"},\"potentialAction\":[{\"@type\":\"SearchAction\",\"target\":{\"@type\":\"EntryPoint\",\"urlTemplate\":\"https:\/\/ecole-lamajorelle.com\/?s={search_term_string}\"},\"query-input\":\"required name=search_term_string\"}],\"inLanguage\":\"ar\"},{\"@type\":\"Organization\",\"@id\":\"https:\/\/ecole-lamajorelle.com\/#organization\",\"name\":\"L&#039;\u00c9cole La Majorelle\",\"url\":\"https:\/\/ecole-lamajorelle.com\/\",\"logo\":{\"@type\":\"ImageObject\",\"inLanguage\":\"ar\",\"@id\":\"https:\/\/ecole-lamajorelle.com\/#\/schema\/logo\/image\/\",\"url\":\"https:\/\/ecole-lamajorelle.com\/wp-content\/uploads\/2023\/08\/Sans-titre-1.png\",\"contentUrl\":\"https:\/\/ecole-lamajorelle.com\/wp-content\/uploads\/2023\/08\/Sans-titre-1.png\",\"width\":584,\"height\":175,\"caption\":\"L&#039;\u00c9cole La Majorelle\"},\"image\":{\"@id\":\"https:\/\/ecole-lamajorelle.com\/#\/schema\/logo\/image\/\"}}]}<\/script>\n<!-- \/ Yoast SEO plugin. -->","yoast_head_json":{"title":"Maternelle \u00e0 l'\u00c9cole La Majorelle - Fondations pour l'Avenir","description":"Bienvenue \u00e0 la section maternelle de l'\u00c9cole La Majorelle, o\u00f9 nous posons les premi\u00e8res pierres de l'\u00e9ducation de votre enfant. Notre approche p\u00e9dagogique en maternelle favorise l'apprentissage par le jeu, la cr\u00e9ativit\u00e9 et l'\u00e9veil aux langues, offrant une base solide en fran\u00e7ais et en anglais. Situ\u00e9e \u00e0 Ch\u00e9raga, Alger, notre maternelle est un lieu o\u00f9 chaque enfant peut grandir, explorer et s'\u00e9panouir dans un environnement chaleureux et stimulant.","robots":{"index":"index","follow":"follow","max-snippet":"max-snippet:-1","max-image-preview":"max-image-preview:large","max-video-preview":"max-video-preview:-1"},"canonical":"https:\/\/ecole-lamajorelle.com\/dz\/maternelle\/","og_locale":"ar_AR","og_type":"article","og_title":"Maternelle \u00e0 l'\u00c9cole La Majorelle - Fondations pour l'Avenir","og_description":"Bienvenue \u00e0 la section maternelle de l'\u00c9cole La Majorelle, o\u00f9 nous posons les premi\u00e8res pierres de l'\u00e9ducation de votre enfant. Notre approche p\u00e9dagogique en maternelle favorise l'apprentissage par le jeu, la cr\u00e9ativit\u00e9 et l'\u00e9veil aux langues, offrant une base solide en fran\u00e7ais et en anglais. Situ\u00e9e \u00e0 Ch\u00e9raga, Alger, notre maternelle est un lieu o\u00f9 chaque enfant peut grandir, explorer et s'\u00e9panouir dans un environnement chaleureux et stimulant.","og_url":"https:\/\/ecole-lamajorelle.com\/dz\/maternelle\/","og_site_name":"L&#039;\u00c9cole La Majorelle","article_modified_time":"2023-12-19T09:50:50+00:00","twitter_card":"summary_large_image","twitter_misc":{"\u0648\u0642\u062a \u0627\u0644\u0642\u0631\u0627\u0621\u0629 \u0627\u0644\u0645\u064f\u0642\u062f\u0651\u0631":"3 \u062f\u0642\u0627\u0626\u0642"},"schema":{"@context":"https:\/\/schema.org","@graph":[{"@type":"WebPage","@id":"https:\/\/ecole-lamajorelle.com\/maternelle\/","url":"https:\/\/ecole-lamajorelle.com\/maternelle\/","name":"Maternelle \u00e0 l'\u00c9cole La Majorelle - Fondations pour l'Avenir","isPartOf":{"@id":"https:\/\/ecole-lamajorelle.com\/#website"},"datePublished":"2023-09-08T22:13:21+00:00","dateModified":"2023-12-19T09:50:50+00:00","description":"Bienvenue \u00e0 la section maternelle de l'\u00c9cole La Majorelle, o\u00f9 nous posons les premi\u00e8res pierres de l'\u00e9ducation de votre enfant. Notre approche p\u00e9dagogique en maternelle favorise l'apprentissage par le jeu, la cr\u00e9ativit\u00e9 et l'\u00e9veil aux langues, offrant une base solide en fran\u00e7ais et en anglais. Situ\u00e9e \u00e0 Ch\u00e9raga, Alger, notre maternelle est un lieu o\u00f9 chaque enfant peut grandir, explorer et s'\u00e9panouir dans un environnement chaleureux et stimulant.","breadcrumb":{"@id":"https:\/\/ecole-lamajorelle.com\/maternelle\/#breadcrumb"},"inLanguage":"ar","potentialAction":[{"@type":"ReadAction","target":["https:\/\/ecole-lamajorelle.com\/maternelle\/"]}]},{"@type":"BreadcrumbList","@id":"https:\/\/ecole-lamajorelle.com\/maternelle\/#breadcrumb","itemListElement":[{"@type":"ListItem","position":1,"name":"Accueil","item":"https:\/\/ecole-lamajorelle.com\/"},{"@type":"ListItem","position":2,"name":"Maternelle"}]},{"@type":"WebSite","@id":"https:\/\/ecole-lamajorelle.com\/#website","url":"https:\/\/ecole-lamajorelle.com\/","name":"L&#039;\u00c9cole La Majorelle","description":"\u00c9cole La Majorelle - \u00c9ducation Bilingue d&#039;Excellence \u00e0 Alger","publisher":{"@id":"https:\/\/ecole-lamajorelle.com\/#organization"},"potentialAction":[{"@type":"SearchAction","target":{"@type":"EntryPoint","urlTemplate":"https:\/\/ecole-lamajorelle.com\/?s={search_term_string}"},"query-input":"required name=search_term_string"}],"inLanguage":"ar"},{"@type":"Organization","@id":"https:\/\/ecole-lamajorelle.com\/#organization","name":"L&#039;\u00c9cole La Majorelle","url":"https:\/\/ecole-lamajorelle.com\/","logo":{"@type":"ImageObject","inLanguage":"ar","@id":"https:\/\/ecole-lamajorelle.com\/#\/schema\/logo\/image\/","url":"https:\/\/ecole-lamajorelle.com\/wp-content\/uploads\/2023\/08\/Sans-titre-1.png","contentUrl":"https:\/\/ecole-lamajorelle.com\/wp-content\/uploads\/2023\/08\/Sans-titre-1.png","width":584,"height":175,"caption":"L&#039;\u00c9cole La Majorelle"},"image":{"@id":"https:\/\/ecole-lamajorelle.com\/#\/schema\/logo\/image\/"}}]}},"ticketed":false,"_links":{"self":[{"href":"https:\/\/ecole-lamajorelle.com\/dz\/wp-json\/wp\/v2\/pages\/1279","targetHints":{"allow":["GET"]}}],"collection":[{"href":"https:\/\/ecole-lamajorelle.com\/dz\/wp-json\/wp\/v2\/pages"}],"about":[{"href":"https:\/\/ecole-lamajorelle.com\/dz\/wp-json\/wp\/v2\/types\/page"}],"author":[{"embeddable":true,"href":"https:\/\/ecole-lamajorelle.com\/dz\/wp-json\/wp\/v2\/users\/1"}],"replies":[{"embeddable":true,"href":"https:\/\/ecole-lamajorelle.com\/dz\/wp-json\/wp\/v2\/comments?post=1279"}],"version-history":[{"count":46,"href":"https:\/\/ecole-lamajorelle.com\/dz\/wp-json\/wp\/v2\/pages\/1279\/revisions"}],"predecessor-version":[{"id":2293,"href":"https:\/\/ecole-lamajorelle.com\/dz\/wp-json\/wp\/v2\/pages\/1279\/revisions\/2293"}],"wp:attachment":[{"href":"https:\/\/ecole-lamajorelle.com\/dz\/wp-json\/wp\/v2\/media?parent=1279"}],"curies":[{"name":"wp","href":"https:\/\/api.w.org\/{rel}","templated":true}]}}