{"id":1458,"date":"2023-09-13T14:58:10","date_gmt":"2023-09-13T12:58:10","guid":{"rendered":"http:\/\/ecole-lamajorelle.com\/?page_id=1458"},"modified":"2024-08-07T18:21:27","modified_gmt":"2024-08-07T16:21:27","slug":"lycee","status":"publish","type":"page","link":"https:\/\/ecole-lamajorelle.com\/dz\/lycee\/","title":{"rendered":"\u062b\u0627\u0646\u0648\u064a\u0629"},"content":{"rendered":"<div class=\"wpb-content-wrapper\"><div class=\"vc_row wpb_row vc_row-fluid\"><div class=\"wpb_column vc_column_container vc_col-sm-12\"><div class=\"vc_column-inner\"><div class=\"wpb_wrapper\"><div class=\"wpb_layerslider_element wpb_content_element\"><script type=\"text\/javascript\">jQuery(function() { _initLayerSlider( '#layerslider_19_1fpv48iziuiy8', {createdWith: '6.5.202', sliderVersion: '7.7.11', type: 'fullwidth', allowFullscreen: true, pauseOnHover: 'enabled', skin: 'numbers', sliderFadeInDuration: 350, hoverPrevNext: false, navStartStop: false, navButtons: false, hoverBottomNav: true, useSrcset: true, skinsPath: 'https:\/\/ecole-lamajorelle.com\/wp-content\/plugins\/LayerSlider\/assets\/static\/layerslider\/skins\/', performanceMode: true}); });<\/script><link href=\"https:\/\/fonts.googleapis.com\/css?family=Lato:100,100i,200,200i,300,300i,400,400i,500,500i,600,600i,700,700i,800,800i,900,900i\" rel=\"stylesheet\"><div id=\"layerslider_19_1fpv48iziuiy8\" class=\"ls-wp-container fitvidsignore\" style=\"width:1280px;height:600px;margin:0 auto;margin-bottom: 0px;\"><div class=\"ls-slide\" data-ls=\"duration:4000;transition2d:5;kenburnsscale:1.2;\"><img decoding=\"async\" width=\"2560\" height=\"1707\" src=\"https:\/\/ecole-lamajorelle.com\/wp-content\/uploads\/2023\/09\/young-female-university-graduate-academic-cap-sitting-table-smiling-pointing-left-future-lawyer-engineer-showing-idea-scaled.jpg\" class=\"ls-bg\" alt=\"\" srcset=\"https:\/\/ecole-lamajorelle.com\/wp-content\/uploads\/2023\/09\/young-female-university-graduate-academic-cap-sitting-table-smiling-pointing-left-future-lawyer-engineer-showing-idea-scaled.jpg 2560w, https:\/\/ecole-lamajorelle.com\/wp-content\/uploads\/2023\/09\/young-female-university-graduate-academic-cap-sitting-table-smiling-pointing-left-future-lawyer-engineer-showing-idea-scaled-300x200.jpg 300w, https:\/\/ecole-lamajorelle.com\/wp-content\/uploads\/2023\/09\/young-female-university-graduate-academic-cap-sitting-table-smiling-pointing-left-future-lawyer-engineer-showing-idea-scaled-1024x683.jpg 1024w, https:\/\/ecole-lamajorelle.com\/wp-content\/uploads\/2023\/09\/young-female-university-graduate-academic-cap-sitting-table-smiling-pointing-left-future-lawyer-engineer-showing-idea-scaled-18x12.jpg 18w\" sizes=\"(max-width: 2560px) 100vw, 2560px\" \/><img decoding=\"async\" width=\"1170\" height=\"549\" src=\"https:\/\/ecole-lamajorelle.com\/wp-content\/uploads\/layerslider\/projects\/Summer-Collection\/ls-slider-181-slide-1.jpg\" class=\"ls-tn\" alt=\"\" srcset=\"https:\/\/ecole-lamajorelle.com\/wp-content\/uploads\/layerslider\/projects\/Summer-Collection\/ls-slider-181-slide-1.jpg 1170w, https:\/\/ecole-lamajorelle.com\/wp-content\/uploads\/layerslider\/projects\/Summer-Collection\/ls-slider-181-slide-1-300x141.jpg 300w, https:\/\/ecole-lamajorelle.com\/wp-content\/uploads\/layerslider\/projects\/Summer-Collection\/ls-slider-181-slide-1-1024x480.jpg 1024w, https:\/\/ecole-lamajorelle.com\/wp-content\/uploads\/layerslider\/projects\/Summer-Collection\/ls-slider-181-slide-1-18x8.jpg 18w\" sizes=\"(max-width: 1170px) 100vw, 1170px\" \/><div style=\"top:169px;left:73px;text-align:center;font-weight:900;font-style:normal;text-decoration:none;mix-blend-mode:normal;width:518px;height:107px;font-size:123px;font-family:Lato;line-height:87px;color:#312878;\" class=\"ls-l ls-html-layer\" data-ls=\"offsetyin:-50lh;delayin:100;easingin:easeOutQuint;position:relative;\">Lyc&eacute;e<\/div><div style=\"top:302px;left:155px;text-align:center;font-weight:400;font-style:normal;text-decoration:none;mix-blend-mode:normal;font-size:18px;font-family:Lato;line-height:25px;width:350px;background-color:#;color:#4f4e4e;white-space:normal;\" class=\"ls-l ls-html-layer\" data-ls=\"offsetyin:-50px;delayin:200;easingin:easeOutQuint;position:relative;\">Le lyc&eacute;e correspond aux trois derni&egrave;res ann&eacute;es de l&rsquo;enseignement secondaire.<\/div><a style=\"\" class=\"ls-l\" href=\"https:\/\/ecole-lamajorelle.com\/dz\/pre-inscription\/\" target=\"_self\" data-ls=\"offsetyin:50px;delayin:200;easingin:easeOutQuint;hover:true;hoveropacity:0.7;position:relative;\"><span style=\"cursor: pointer;top:408px;left:285px;text-align:initial;font-weight:600;font-style:normal;text-decoration:none;mix-blend-mode:normal;color:#ffffff;font-family:Lato;line-height:24px;padding-top:14px;padding-right:35px;padding-bottom:14px;padding-left:35px;background-color:#312878;font-size:19px;\" class=\"ls-button-layer\">PR&Eacute;-INSCRIPTION<\/span><\/a><ls-layer style=\"font-size:87px;stroke:#000;stroke-width:0px;text-align:left;font-style:normal;text-decoration:none;text-transform:none;font-weight:400;letter-spacing:0px;background-position:0% 0%;background-repeat:no-repeat;overflow:visible;top:383px;left:178px;color:#EDBE4B;\" class=\"ls-l ls-icon-layer\"><i class=\"fa fa-edit\"><\/i><\/ls-layer><\/div><\/div><\/div><\/div><\/div><\/div><\/div><div class=\"vc_row wpb_row vc_row-fluid vc_custom_1694612839749 vc_row-has-fill\"><div class=\"wpb_column vc_column_container vc_col-sm-6\"><div class=\"vc_column-inner\"><div class=\"wpb_wrapper\">\n\t<div class=\"wpb_text_column wpb_content_element\" >\n\t\t<div class=\"wpb_wrapper\">\n\t\t\t<h1 style=\"color: #312878;\"><strong>Pr\u00e9sentation<\/strong><\/h1>\n<p>Le\u00a0<strong>lyc\u00e9e<\/strong> correspond aux trois derni\u00e8res ann\u00e9es de l\u2019enseignement secondaire. La premi\u00e8re ann\u00e9e du lyc\u00e9e (ou tronc commun) est une classe \u00a0de d\u00e9termination. Encadr\u00e9 par des conseillers d\u2019orientation, l\u2019\u00e9l\u00e8ve choisira sa section en classe de premi\u00e8re, puis le cycle se termine par l\u2019examen du Baccalaur\u00e9at, dipl\u00f4me qui permettra la poursuite d\u2019\u00e9tudes sup\u00e9rieures. Les lyc\u00e9ens vont perfectionner leur apprentissage des langues \u00e9trang\u00e8res, enrichir leur culture g\u00e9n\u00e9rale gr\u00e2ce \u00e0 des activit\u00e9s artistiques et des voyages organis\u00e9s, d\u00e9cider de leur future orientation professionnelle et ouvrir leur esprit aux valeurs d\u2019humanisme et de tradition, essentielles pour r\u00e9ussir sa scolarit\u00e9 et sa vie de citoyen.<\/p>\n\n\t\t<\/div>\n\t<\/div>\n<\/div><\/div><\/div><div class=\"wpb_column vc_column_container vc_col-sm-6\"><div class=\"vc_column-inner\"><div class=\"wpb_wrapper\"><div class=\"wpb_images_carousel wpb_content_element vc_clearfix\"><div class=\"wpb_wrapper\"><div id=\"vc_images-carousel-1-1777095588\" data-ride=\"vc_carousel\" data-wrap=\"false\" style=\"width: 100%;\" data-interval=\"2000\" data-auto-height=\"yes\" data-mode=\"horizontal\" data-partial=\"false\" data-per-view=\"1\" data-hide-on-end=\"false\" class=\"vc_slide vc_images_carousel\"><div class=\"vc_carousel-inner\"><div class=\"vc_carousel-slideline\"><div class=\"vc_carousel-slideline-inner\"><div class=\"vc_item\"><div class=\"vc_inner\"><a class=\"\" href=\"https:\/\/ecole-lamajorelle.com\/wp-content\/uploads\/2023\/08\/LaMajorelle-78-1-scaled-1024x768.jpg\" data-lightbox=\"lightbox[rel-1458-120964280]\"><img decoding=\"async\" width=\"2560\" height=\"1920\" src=\"https:\/\/ecole-lamajorelle.com\/wp-content\/uploads\/2023\/08\/LaMajorelle-78-1-scaled.jpg\" class=\"attachment-full\" alt=\"\" title=\"LaMajorelle-78\" srcset=\"https:\/\/ecole-lamajorelle.com\/wp-content\/uploads\/2023\/08\/LaMajorelle-78-1-scaled.jpg 2560w, https:\/\/ecole-lamajorelle.com\/wp-content\/uploads\/2023\/08\/LaMajorelle-78-1-scaled-300x225.jpg 300w, https:\/\/ecole-lamajorelle.com\/wp-content\/uploads\/2023\/08\/LaMajorelle-78-1-scaled-1024x768.jpg 1024w, https:\/\/ecole-lamajorelle.com\/wp-content\/uploads\/2023\/08\/LaMajorelle-78-1-scaled-16x12.jpg 16w\" sizes=\"(max-width: 2560px) 100vw, 2560px\" \/><\/a><\/div><\/div><div class=\"vc_item\"><div class=\"vc_inner\"><a class=\"\" href=\"https:\/\/ecole-lamajorelle.com\/wp-content\/uploads\/2023\/08\/LaMajorelle-79-scaled-1024x768.jpg\" data-lightbox=\"lightbox[rel-1458-120964280]\"><img decoding=\"async\" width=\"2560\" height=\"1920\" src=\"https:\/\/ecole-lamajorelle.com\/wp-content\/uploads\/2023\/08\/LaMajorelle-79-scaled.jpg\" class=\"attachment-full\" alt=\"\" title=\"LaMajorelle-79\" srcset=\"https:\/\/ecole-lamajorelle.com\/wp-content\/uploads\/2023\/08\/LaMajorelle-79-scaled.jpg 2560w, https:\/\/ecole-lamajorelle.com\/wp-content\/uploads\/2023\/08\/LaMajorelle-79-scaled-300x225.jpg 300w, https:\/\/ecole-lamajorelle.com\/wp-content\/uploads\/2023\/08\/LaMajorelle-79-scaled-1024x768.jpg 1024w, https:\/\/ecole-lamajorelle.com\/wp-content\/uploads\/2023\/08\/LaMajorelle-79-scaled-16x12.jpg 16w\" sizes=\"(max-width: 2560px) 100vw, 2560px\" \/><\/a><\/div><\/div><div class=\"vc_item\"><div class=\"vc_inner\"><a class=\"\" href=\"https:\/\/ecole-lamajorelle.com\/wp-content\/uploads\/2023\/08\/LaMajorelle-77-scaled-1024x768.jpg\" data-lightbox=\"lightbox[rel-1458-120964280]\"><img decoding=\"async\" width=\"2560\" height=\"1920\" src=\"https:\/\/ecole-lamajorelle.com\/wp-content\/uploads\/2023\/08\/LaMajorelle-77-scaled.jpg\" class=\"attachment-full\" alt=\"\" title=\"LaMajorelle-77\" srcset=\"https:\/\/ecole-lamajorelle.com\/wp-content\/uploads\/2023\/08\/LaMajorelle-77-scaled.jpg 2560w, https:\/\/ecole-lamajorelle.com\/wp-content\/uploads\/2023\/08\/LaMajorelle-77-scaled-300x225.jpg 300w, https:\/\/ecole-lamajorelle.com\/wp-content\/uploads\/2023\/08\/LaMajorelle-77-scaled-1024x768.jpg 1024w, https:\/\/ecole-lamajorelle.com\/wp-content\/uploads\/2023\/08\/LaMajorelle-77-scaled-16x12.jpg 16w\" sizes=\"(max-width: 2560px) 100vw, 2560px\" \/><\/a><\/div><\/div><div class=\"vc_item\"><div class=\"vc_inner\"><a class=\"\" href=\"https:\/\/ecole-lamajorelle.com\/wp-content\/uploads\/2023\/08\/LaMajorelle-72-scaled-1024x768.jpg\" data-lightbox=\"lightbox[rel-1458-120964280]\"><img decoding=\"async\" width=\"2560\" height=\"1920\" src=\"https:\/\/ecole-lamajorelle.com\/wp-content\/uploads\/2023\/08\/LaMajorelle-72-scaled.jpg\" class=\"attachment-full\" alt=\"\" title=\"LaMajorelle-72\" srcset=\"https:\/\/ecole-lamajorelle.com\/wp-content\/uploads\/2023\/08\/LaMajorelle-72-scaled.jpg 2560w, https:\/\/ecole-lamajorelle.com\/wp-content\/uploads\/2023\/08\/LaMajorelle-72-scaled-300x225.jpg 300w, https:\/\/ecole-lamajorelle.com\/wp-content\/uploads\/2023\/08\/LaMajorelle-72-scaled-1024x768.jpg 1024w, https:\/\/ecole-lamajorelle.com\/wp-content\/uploads\/2023\/08\/LaMajorelle-72-scaled-16x12.jpg 16w\" sizes=\"(max-width: 2560px) 100vw, 2560px\" \/><\/a><\/div><\/div><div class=\"vc_item\"><div class=\"vc_inner\"><a class=\"\" href=\"https:\/\/ecole-lamajorelle.com\/wp-content\/uploads\/2023\/08\/LaMajorelle-71-scaled-1024x768.jpg\" data-lightbox=\"lightbox[rel-1458-120964280]\"><img decoding=\"async\" width=\"2560\" height=\"1920\" src=\"https:\/\/ecole-lamajorelle.com\/wp-content\/uploads\/2023\/08\/LaMajorelle-71-scaled.jpg\" class=\"attachment-full\" alt=\"\" title=\"LaMajorelle-71\" srcset=\"https:\/\/ecole-lamajorelle.com\/wp-content\/uploads\/2023\/08\/LaMajorelle-71-scaled.jpg 2560w, https:\/\/ecole-lamajorelle.com\/wp-content\/uploads\/2023\/08\/LaMajorelle-71-scaled-300x225.jpg 300w, https:\/\/ecole-lamajorelle.com\/wp-content\/uploads\/2023\/08\/LaMajorelle-71-scaled-1024x768.jpg 1024w, https:\/\/ecole-lamajorelle.com\/wp-content\/uploads\/2023\/08\/LaMajorelle-71-scaled-16x12.jpg 16w\" sizes=\"(max-width: 2560px) 100vw, 2560px\" \/><\/a><\/div><\/div><div class=\"vc_item\"><div class=\"vc_inner\"><a class=\"\" href=\"https:\/\/ecole-lamajorelle.com\/wp-content\/uploads\/2023\/08\/LaMajorelle-70-scaled-1024x768.jpg\" data-lightbox=\"lightbox[rel-1458-120964280]\"><img decoding=\"async\" width=\"2560\" height=\"1920\" src=\"https:\/\/ecole-lamajorelle.com\/wp-content\/uploads\/2023\/08\/LaMajorelle-70-scaled.jpg\" class=\"attachment-full\" alt=\"\" title=\"LaMajorelle-70\" srcset=\"https:\/\/ecole-lamajorelle.com\/wp-content\/uploads\/2023\/08\/LaMajorelle-70-scaled.jpg 2560w, https:\/\/ecole-lamajorelle.com\/wp-content\/uploads\/2023\/08\/LaMajorelle-70-scaled-300x225.jpg 300w, https:\/\/ecole-lamajorelle.com\/wp-content\/uploads\/2023\/08\/LaMajorelle-70-scaled-1024x768.jpg 1024w, https:\/\/ecole-lamajorelle.com\/wp-content\/uploads\/2023\/08\/LaMajorelle-70-scaled-16x12.jpg 16w\" sizes=\"(max-width: 2560px) 100vw, 2560px\" \/><\/a><\/div><\/div><div class=\"vc_item\"><div class=\"vc_inner\"><a class=\"\" href=\"https:\/\/ecole-lamajorelle.com\/wp-content\/uploads\/2023\/08\/LaMajorelle-87-scaled-1024x768.jpg\" data-lightbox=\"lightbox[rel-1458-120964280]\"><img decoding=\"async\" width=\"2560\" height=\"1920\" src=\"https:\/\/ecole-lamajorelle.com\/wp-content\/uploads\/2023\/08\/LaMajorelle-87-scaled.jpg\" class=\"attachment-full\" alt=\"\" title=\"LaMajorelle-87\" srcset=\"https:\/\/ecole-lamajorelle.com\/wp-content\/uploads\/2023\/08\/LaMajorelle-87-scaled.jpg 2560w, https:\/\/ecole-lamajorelle.com\/wp-content\/uploads\/2023\/08\/LaMajorelle-87-scaled-300x225.jpg 300w, https:\/\/ecole-lamajorelle.com\/wp-content\/uploads\/2023\/08\/LaMajorelle-87-scaled-1024x768.jpg 1024w, https:\/\/ecole-lamajorelle.com\/wp-content\/uploads\/2023\/08\/LaMajorelle-87-scaled-16x12.jpg 16w\" sizes=\"(max-width: 2560px) 100vw, 2560px\" \/><\/a><\/div><\/div><div class=\"vc_item\"><div class=\"vc_inner\"><a class=\"\" href=\"https:\/\/ecole-lamajorelle.com\/wp-content\/uploads\/2023\/08\/LaMajorelle-92-1-scaled-1024x768.jpg\" data-lightbox=\"lightbox[rel-1458-120964280]\"><img decoding=\"async\" width=\"2560\" height=\"1920\" src=\"https:\/\/ecole-lamajorelle.com\/wp-content\/uploads\/2023\/08\/LaMajorelle-92-1-scaled.jpg\" class=\"attachment-full\" alt=\"\" title=\"LaMajorelle-92\" srcset=\"https:\/\/ecole-lamajorelle.com\/wp-content\/uploads\/2023\/08\/LaMajorelle-92-1-scaled.jpg 2560w, https:\/\/ecole-lamajorelle.com\/wp-content\/uploads\/2023\/08\/LaMajorelle-92-1-scaled-300x225.jpg 300w, https:\/\/ecole-lamajorelle.com\/wp-content\/uploads\/2023\/08\/LaMajorelle-92-1-scaled-1024x768.jpg 1024w, https:\/\/ecole-lamajorelle.com\/wp-content\/uploads\/2023\/08\/LaMajorelle-92-1-scaled-16x12.jpg 16w\" sizes=\"(max-width: 2560px) 100vw, 2560px\" \/><\/a><\/div><\/div><div class=\"vc_item\"><div class=\"vc_inner\"><a class=\"\" href=\"https:\/\/ecole-lamajorelle.com\/wp-content\/uploads\/2023\/08\/LaMajorelle-35-scaled-1024x768.jpg\" data-lightbox=\"lightbox[rel-1458-120964280]\"><img decoding=\"async\" width=\"2560\" height=\"1920\" src=\"https:\/\/ecole-lamajorelle.com\/wp-content\/uploads\/2023\/08\/LaMajorelle-35-scaled.jpg\" class=\"attachment-full\" alt=\"\" title=\"LaMajorelle-35\" srcset=\"https:\/\/ecole-lamajorelle.com\/wp-content\/uploads\/2023\/08\/LaMajorelle-35-scaled.jpg 2560w, https:\/\/ecole-lamajorelle.com\/wp-content\/uploads\/2023\/08\/LaMajorelle-35-scaled-300x225.jpg 300w, https:\/\/ecole-lamajorelle.com\/wp-content\/uploads\/2023\/08\/LaMajorelle-35-scaled-1024x768.jpg 1024w, https:\/\/ecole-lamajorelle.com\/wp-content\/uploads\/2023\/08\/LaMajorelle-35-scaled-16x12.jpg 16w\" sizes=\"(max-width: 2560px) 100vw, 2560px\" \/><\/a><\/div><\/div><\/div><\/div><\/div><a class=\"vc_left vc_carousel-control\" href=\"#vc_images-carousel-1-1777095588\" data-slide=\"prev\"><span class=\"icon-prev\"><\/span><\/a><a class=\"vc_right vc_carousel-control\" href=\"#vc_images-carousel-1-1777095588\" data-slide=\"next\"><span class=\"icon-next\"><\/span><\/a><\/div><\/div><\/div><\/div><\/div><\/div><\/div><div class=\"vc_row wpb_row vc_row-fluid vc_custom_1694615979066 vc_row-has-fill\"><div class=\"wpb_column vc_column_container vc_col-sm-12\"><div class=\"vc_column-inner\"><div class=\"wpb_wrapper\"><div class=\"vc_tta-container\" data-vc-action=\"collapse\"><div class=\"vc_general vc_tta vc_tta-tabs vc_tta-color-violet vc_tta-style-classic vc_tta-shape-square vc_tta-spacing-2 vc_tta-gap-1 vc_tta-has-pagination vc_tta-tabs-position-top vc_tta-controls-align-center\"><div class=\"vc_tta-tabs-container\"><ul class=\"vc_tta-tabs-list\"><li class=\"vc_tta-tab vc_active\" data-vc-tab><a href=\"#1694614703188-9e3c3cb8-ec66\" data-vc-tabs data-vc-container=\".vc_tta\"><span class=\"vc_tta-title-text\">Objectif<\/span><\/a><\/li><li class=\"vc_tta-tab\" data-vc-tab><a href=\"#1694614703195-b568dad4-10d9\" data-vc-tabs data-vc-container=\".vc_tta\"><span class=\"vc_tta-title-text\">Activit\u00e9s<\/span><\/a><\/li><li class=\"vc_tta-tab\" data-vc-tab><a href=\"#1694614774145-3699497a-f6e7\" data-vc-tabs data-vc-container=\".vc_tta\"><span class=\"vc_tta-title-text\">P\u00e9dagogie<\/span><\/a><\/li><li class=\"vc_tta-tab\" data-vc-tab><a href=\"#1694614810461-04f52f18-e29b\" data-vc-tabs data-vc-container=\".vc_tta\"><span class=\"vc_tta-title-text\">Equipements<\/span><\/a><\/li><\/ul><\/div><div class=\"vc_tta-panels-container\"><div class=\"vc_tta-panels\"><div class=\"vc_tta-panel vc_active\" id=\"1694614703188-9e3c3cb8-ec66\" data-vc-content=\".vc_tta-panel-body\"><div class=\"vc_tta-panel-heading\"><h3 class=\"vc_tta-panel-title\"><a href=\"#1694614703188-9e3c3cb8-ec66\" data-vc-accordion data-vc-container=\".vc_tta-container\"><span class=\"vc_tta-title-text\">Objectif<\/span><\/a><\/h3><\/div><div class=\"vc_tta-panel-body\">\n\t<div class=\"wpb_text_column wpb_content_element\" >\n\t\t<div class=\"wpb_wrapper\">\n\t\t\t<p>L\u2019objectif du cycle du lyc\u00e9e est d\u2019encourager la r\u00e9flexion et la production intellectuelle de l\u2019\u00e9l\u00e8ve, afin de le pr\u00e9parer aux \u00e9tudes sup\u00e9rieures et \u00e0 la vie active. Lors de cette derni\u00e8re \u00e9tape de son parcours scolaire, le lyc\u00e9en va parfaire son excellence linguistique et perfectionner sa maitrise des langues \u00e9trang\u00e8res\u00a0; enrichir sa culture g\u00e9n\u00e9rale, un savoir n\u00e9cessaire pour la poursuite de ses \u00e9tudes sup\u00e9rieures futures\u00a0; se sp\u00e9cialiser dans la discipline artistique de son choix\u00a0; optimiser et parfaire ses connaissances pour l\u2019exploitation de l\u2019outil num\u00e9rique, et pr\u00e9parer un cursus de formation et d\u2019orientation professionnelle.<\/p>\n\n\t\t<\/div>\n\t<\/div>\n<\/div><\/div><div class=\"vc_tta-panel\" id=\"1694614703195-b568dad4-10d9\" data-vc-content=\".vc_tta-panel-body\"><div class=\"vc_tta-panel-heading\"><h3 class=\"vc_tta-panel-title\"><a href=\"#1694614703195-b568dad4-10d9\" data-vc-accordion data-vc-container=\".vc_tta-container\"><span class=\"vc_tta-title-text\">Activit\u00e9s<\/span><\/a><\/h3><\/div><div class=\"vc_tta-panel-body\">\n\t<div class=\"wpb_text_column wpb_content_element\" >\n\t\t<div class=\"wpb_wrapper\">\n\t\t\t<p>Le lyc\u00e9e a mis en place une gamme vari\u00e9e d\u2019activit\u00e9s sociales, sportives, et culturelles pour accompagner le lyc\u00e9en dans sa d\u00e9couverte du monde. Il pourra ainsi se sp\u00e9cialiser dans la pratique des arts selon son choix ; d\u00e9couvrir de nouveaux horizons et enrichir sa culture g\u00e9n\u00e9rale lors de sorties culturelles et de voyages \u00e0 l\u2019\u00e9tranger ; se d\u00e9passer en participant \u00e0 des comp\u00e9titions sportives en natation, sport d\u2019\u00e9quipe, gymnastique, et athl\u00e9tisme ; parfaire ses connaissances techniques en participant \u00e0 des atelier de technologie et de robotique ; \u00e9veiller sa conscience spirituelle avec la psalmodie du Saint Coran ; et d\u00e9velopper son contact avec les autres en s\u2019initiant \u00e0 la vie associative.<\/p>\n\n\t\t<\/div>\n\t<\/div>\n<\/div><\/div><div class=\"vc_tta-panel\" id=\"1694614774145-3699497a-f6e7\" data-vc-content=\".vc_tta-panel-body\"><div class=\"vc_tta-panel-heading\"><h3 class=\"vc_tta-panel-title\"><a href=\"#1694614774145-3699497a-f6e7\" data-vc-accordion data-vc-container=\".vc_tta-container\"><span class=\"vc_tta-title-text\">P\u00e9dagogie<\/span><\/a><\/h3><\/div><div class=\"vc_tta-panel-body\">\n\t<div class=\"wpb_text_column wpb_content_element\" >\n\t\t<div class=\"wpb_wrapper\">\n\t\t\t<p>Au lyc\u00e9e, nous\u00a0 proposons une p\u00e9dagogie alternative bas\u00e9e sur le programme du minist\u00e8re de l\u2019\u00e9ducation Alg\u00e9rien. L\u2019\u00e9l\u00e8ve va perfectionner son apprentissage des langues \u00e9trang\u00e8res ; s\u2019initier \u00e0 l \u2018\u00e9conomie d\u00e8s la seconde ; \u00eatre r\u00e9guli\u00e8rement mis en conditions d\u2019examen pour ses devoirs ; b\u00e9n\u00e9ficier de cours de communication ; \u00eatre accompagn\u00e9 dans ses projets personnel gr\u00e2ce \u00e0 des s\u00e9ances de coaching ; se sp\u00e9cialiser dans la pratique des arts ; participer \u00e0 des comp\u00e9titions sportives en natation, sports d\u2019\u00e9quipe, gymnastique, etc. ; \u00a0et s\u2019ouvrir au monde de l\u2019entreprise. Gr\u00e2ce \u00e0 notre\u00a0 approche p\u00e9dagogique en effectif limit\u00e9, l\u2019intervention r\u00e9guli\u00e8re de professionnel et nos m\u00e9thodes et strat\u00e9gies d\u2019apprentissages, nous accompagnons l\u2019\u00e9l\u00e8ve dans sa pr\u00e9paration aux concours d\u2019entr\u00e9e aux \u00e9coles sup\u00e9rieures.<\/p>\n<p>Un coach professionnel accompagne les \u00e9l\u00e8ves lors du passage d\u2019examens ou en cas de difficult\u00e9s.<\/p>\n\n\t\t<\/div>\n\t<\/div>\n<\/div><\/div><div class=\"vc_tta-panel\" id=\"1694614810461-04f52f18-e29b\" data-vc-content=\".vc_tta-panel-body\"><div class=\"vc_tta-panel-heading\"><h3 class=\"vc_tta-panel-title\"><a href=\"#1694614810461-04f52f18-e29b\" data-vc-accordion data-vc-container=\".vc_tta-container\"><span class=\"vc_tta-title-text\">Equipements<\/span><\/a><\/h3><\/div><div class=\"vc_tta-panel-body\">\n\t<div class=\"wpb_text_column wpb_content_element\" >\n\t\t<div class=\"wpb_wrapper\">\n\t\t\t<p>Le lyc\u00e9e \u00a0met \u00e0 disposition des lyc\u00e9ens toute une s\u00e9rie d\u2019\u00e9quipements de qualit\u00e9 et de s\u00e9curit\u00e9, pour les accompagner dans leur enseignement et leurs activit\u00e9s, tels qu\u2019un gymnase couvert ; des laboratoires de sciences et technologie, une salle d\u2019informatique ; une salle de conf\u00e9rence ; une salle d\u2019arts ; une biblioth\u00e8que et un centre de documentation ; un amphith\u00e9\u00e2tre en plein air ; une salle de th\u00e9\u00e2tre ; une piscine couverte chauff\u00e9e ; un terrain omnisports ; une aire de d\u00e9tente ; un r\u00e9fectoire \u00e9quip\u00e9 ; des tableaux interactifs ; et un \u00e9quipement de vid\u00e9o surveillance.<\/p>\n\n\t\t<\/div>\n\t<\/div>\n<\/div><\/div><\/div><ul class=\"vc_general vc_pagination vc_pagination-style-flat vc_pagination-shape-square vc_pagination-color-black\"><li class=\"vc_pagination-item vc_active\" data-vc-tab><a href=\"#1694614703188-9e3c3cb8-ec66\" class=\"vc_pagination-trigger\" data-vc-tabs data-vc-container=\".vc_tta\"><\/a><\/li><li class=\"vc_pagination-item\" data-vc-tab><a href=\"#1694614703195-b568dad4-10d9\" class=\"vc_pagination-trigger\" data-vc-tabs data-vc-container=\".vc_tta\"><\/a><\/li><li class=\"vc_pagination-item\" data-vc-tab><a href=\"#1694614774145-3699497a-f6e7\" class=\"vc_pagination-trigger\" data-vc-tabs data-vc-container=\".vc_tta\"><\/a><\/li><li class=\"vc_pagination-item\" data-vc-tab><a href=\"#1694614810461-04f52f18-e29b\" class=\"vc_pagination-trigger\" data-vc-tabs data-vc-container=\".vc_tta\"><\/a><\/li><\/ul><\/div><\/div><\/div><\/div><\/div><\/div><\/div><div class=\"vc_row wpb_row vc_row-fluid\"><div class=\"wpb_column vc_column_container vc_col-sm-12\"><div class=\"vc_column-inner\"><div class=\"wpb_wrapper\"><div class=\"vc_btn3-container vc_btn3-center\" ><a style=\"background-color:#312878; color:#ffffff;\" class=\"vc_general vc_btn3 vc_btn3-size-md vc_btn3-shape-square vc_btn3-style-custom\" href=\"https:\/\/ecole-lamajorelle.com\/dz\/pre-inscription\/\" title=\"\u0627\u0644\u062a\u0633\u062c\u064a\u0644 \u0627\u0644\u0645\u0633\u0628\u0642\" target=\"_blank\">\u0627\u0644\u062a\u0633\u062c\u064a\u0644 \u0627\u0644\u0645\u0633\u0628\u0642<\/a><\/div><\/div><\/div><\/div><\/div>\n<\/div>","protected":false},"excerpt":{"rendered":"Lyc&eacute;eLe lyc&eacute;e correspond aux trois derni&egrave;res ann&eacute;es de l&rsquo;enseignement secondaire.PR&Eacute;-INSCRIPTION Pr\u00e9sentation Le\u00a0lyc\u00e9e correspond aux trois derni\u00e8res ann\u00e9es de l\u2019enseignement secondaire. La premi\u00e8re ann\u00e9e du lyc\u00e9e (ou tronc commun) est une classe \u00a0de d\u00e9termination. Encadr\u00e9 par des conseillers d\u2019orientation, l\u2019\u00e9l\u00e8ve choisira sa section en classe de premi\u00e8re, puis le cycle se termine par l\u2019examen du Baccalaur\u00e9at, dipl\u00f4me qui permettra la poursuite&nbsp;<a href=\"https:\/\/ecole-lamajorelle.com\/dz\/lycee\/\">&hellip;<\/a>","protected":false},"author":1,"featured_media":0,"parent":0,"menu_order":0,"comment_status":"closed","ping_status":"closed","template":"template-home.php","meta":{"_price":"","_stock":"","_tribe_ticket_header":"","_tribe_default_ticket_provider":"","_tribe_ticket_capacity":"0","_ticket_start_date":"","_ticket_end_date":"","_tribe_ticket_show_description":"","_tribe_ticket_show_not_going":false,"_tribe_ticket_use_global_stock":"","_tribe_ticket_global_stock_level":"","_global_stock_mode":"","_global_stock_cap":"","_tribe_rsvp_for_event":"","_tribe_ticket_going_count":"","_tribe_ticket_not_going_count":"","_tribe_tickets_list":"[]","_tribe_ticket_has_attendee_info_fields":false,"_joinchat":[],"footnotes":""},"class_list":["post-1458","page","type-page","status-publish","hentry","odd"],"yoast_head":"<!-- This site is optimized with the Yoast SEO plugin v22.2 - https:\/\/yoast.com\/wordpress\/plugins\/seo\/ -->\n<title>Lyc\u00e9e - L&#039;\u00c9cole La Majorelle<\/title>\n<meta name=\"robots\" content=\"index, follow, max-snippet:-1, max-image-preview:large, max-video-preview:-1\" \/>\n<link rel=\"canonical\" href=\"https:\/\/ecole-lamajorelle.com\/dz\/lycee\/\" \/>\n<meta property=\"og:locale\" content=\"ar_AR\" \/>\n<meta property=\"og:type\" content=\"article\" \/>\n<meta property=\"og:title\" content=\"Lyc\u00e9e - L&#039;\u00c9cole La Majorelle\" \/>\n<meta property=\"og:url\" content=\"https:\/\/ecole-lamajorelle.com\/dz\/lycee\/\" \/>\n<meta property=\"og:site_name\" content=\"L&#039;\u00c9cole La Majorelle\" \/>\n<meta property=\"article:modified_time\" content=\"2024-08-07T16:21:27+00:00\" \/>\n<meta name=\"twitter:card\" content=\"summary_large_image\" \/>\n<meta name=\"twitter:label1\" content=\"\u0648\u0642\u062a \u0627\u0644\u0642\u0631\u0627\u0621\u0629 \u0627\u0644\u0645\u064f\u0642\u062f\u0651\u0631\" \/>\n\t<meta name=\"twitter:data1\" content=\"5 \u062f\u0642\u0627\u0626\u0642\" \/>\n<script type=\"application\/ld+json\" class=\"yoast-schema-graph\">{\"@context\":\"https:\/\/schema.org\",\"@graph\":[{\"@type\":\"WebPage\",\"@id\":\"https:\/\/ecole-lamajorelle.com\/lycee\/\",\"url\":\"https:\/\/ecole-lamajorelle.com\/lycee\/\",\"name\":\"Lyc\u00e9e - L&#039;\u00c9cole La Majorelle\",\"isPartOf\":{\"@id\":\"https:\/\/ecole-lamajorelle.com\/#website\"},\"datePublished\":\"2023-09-13T12:58:10+00:00\",\"dateModified\":\"2024-08-07T16:21:27+00:00\",\"breadcrumb\":{\"@id\":\"https:\/\/ecole-lamajorelle.com\/lycee\/#breadcrumb\"},\"inLanguage\":\"ar\",\"potentialAction\":[{\"@type\":\"ReadAction\",\"target\":[\"https:\/\/ecole-lamajorelle.com\/lycee\/\"]}]},{\"@type\":\"BreadcrumbList\",\"@id\":\"https:\/\/ecole-lamajorelle.com\/lycee\/#breadcrumb\",\"itemListElement\":[{\"@type\":\"ListItem\",\"position\":1,\"name\":\"Accueil\",\"item\":\"https:\/\/ecole-lamajorelle.com\/\"},{\"@type\":\"ListItem\",\"position\":2,\"name\":\"Lyc\u00e9e\"}]},{\"@type\":\"WebSite\",\"@id\":\"https:\/\/ecole-lamajorelle.com\/#website\",\"url\":\"https:\/\/ecole-lamajorelle.com\/\",\"name\":\"L&#039;\u00c9cole La Majorelle\",\"description\":\"\u00c9cole La Majorelle - \u00c9ducation Bilingue d&#039;Excellence \u00e0 Alger\",\"publisher\":{\"@id\":\"https:\/\/ecole-lamajorelle.com\/#organization\"},\"potentialAction\":[{\"@type\":\"SearchAction\",\"target\":{\"@type\":\"EntryPoint\",\"urlTemplate\":\"https:\/\/ecole-lamajorelle.com\/?s={search_term_string}\"},\"query-input\":\"required name=search_term_string\"}],\"inLanguage\":\"ar\"},{\"@type\":\"Organization\",\"@id\":\"https:\/\/ecole-lamajorelle.com\/#organization\",\"name\":\"L&#039;\u00c9cole La Majorelle\",\"url\":\"https:\/\/ecole-lamajorelle.com\/\",\"logo\":{\"@type\":\"ImageObject\",\"inLanguage\":\"ar\",\"@id\":\"https:\/\/ecole-lamajorelle.com\/#\/schema\/logo\/image\/\",\"url\":\"https:\/\/ecole-lamajorelle.com\/wp-content\/uploads\/2023\/08\/Sans-titre-1.png\",\"contentUrl\":\"https:\/\/ecole-lamajorelle.com\/wp-content\/uploads\/2023\/08\/Sans-titre-1.png\",\"width\":584,\"height\":175,\"caption\":\"L&#039;\u00c9cole La Majorelle\"},\"image\":{\"@id\":\"https:\/\/ecole-lamajorelle.com\/#\/schema\/logo\/image\/\"}}]}<\/script>\n<!-- \/ Yoast SEO plugin. -->","yoast_head_json":{"title":"Lyc\u00e9e - L&#039;\u00c9cole La Majorelle","robots":{"index":"index","follow":"follow","max-snippet":"max-snippet:-1","max-image-preview":"max-image-preview:large","max-video-preview":"max-video-preview:-1"},"canonical":"https:\/\/ecole-lamajorelle.com\/dz\/lycee\/","og_locale":"ar_AR","og_type":"article","og_title":"Lyc\u00e9e - L&#039;\u00c9cole La Majorelle","og_url":"https:\/\/ecole-lamajorelle.com\/dz\/lycee\/","og_site_name":"L&#039;\u00c9cole La Majorelle","article_modified_time":"2024-08-07T16:21:27+00:00","twitter_card":"summary_large_image","twitter_misc":{"\u0648\u0642\u062a \u0627\u0644\u0642\u0631\u0627\u0621\u0629 \u0627\u0644\u0645\u064f\u0642\u062f\u0651\u0631":"5 \u062f\u0642\u0627\u0626\u0642"},"schema":{"@context":"https:\/\/schema.org","@graph":[{"@type":"WebPage","@id":"https:\/\/ecole-lamajorelle.com\/lycee\/","url":"https:\/\/ecole-lamajorelle.com\/lycee\/","name":"Lyc\u00e9e - L&#039;\u00c9cole La Majorelle","isPartOf":{"@id":"https:\/\/ecole-lamajorelle.com\/#website"},"datePublished":"2023-09-13T12:58:10+00:00","dateModified":"2024-08-07T16:21:27+00:00","breadcrumb":{"@id":"https:\/\/ecole-lamajorelle.com\/lycee\/#breadcrumb"},"inLanguage":"ar","potentialAction":[{"@type":"ReadAction","target":["https:\/\/ecole-lamajorelle.com\/lycee\/"]}]},{"@type":"BreadcrumbList","@id":"https:\/\/ecole-lamajorelle.com\/lycee\/#breadcrumb","itemListElement":[{"@type":"ListItem","position":1,"name":"Accueil","item":"https:\/\/ecole-lamajorelle.com\/"},{"@type":"ListItem","position":2,"name":"Lyc\u00e9e"}]},{"@type":"WebSite","@id":"https:\/\/ecole-lamajorelle.com\/#website","url":"https:\/\/ecole-lamajorelle.com\/","name":"L&#039;\u00c9cole La Majorelle","description":"\u00c9cole La Majorelle - \u00c9ducation Bilingue d&#039;Excellence \u00e0 Alger","publisher":{"@id":"https:\/\/ecole-lamajorelle.com\/#organization"},"potentialAction":[{"@type":"SearchAction","target":{"@type":"EntryPoint","urlTemplate":"https:\/\/ecole-lamajorelle.com\/?s={search_term_string}"},"query-input":"required name=search_term_string"}],"inLanguage":"ar"},{"@type":"Organization","@id":"https:\/\/ecole-lamajorelle.com\/#organization","name":"L&#039;\u00c9cole La Majorelle","url":"https:\/\/ecole-lamajorelle.com\/","logo":{"@type":"ImageObject","inLanguage":"ar","@id":"https:\/\/ecole-lamajorelle.com\/#\/schema\/logo\/image\/","url":"https:\/\/ecole-lamajorelle.com\/wp-content\/uploads\/2023\/08\/Sans-titre-1.png","contentUrl":"https:\/\/ecole-lamajorelle.com\/wp-content\/uploads\/2023\/08\/Sans-titre-1.png","width":584,"height":175,"caption":"L&#039;\u00c9cole La Majorelle"},"image":{"@id":"https:\/\/ecole-lamajorelle.com\/#\/schema\/logo\/image\/"}}]}},"ticketed":false,"_links":{"self":[{"href":"https:\/\/ecole-lamajorelle.com\/dz\/wp-json\/wp\/v2\/pages\/1458","targetHints":{"allow":["GET"]}}],"collection":[{"href":"https:\/\/ecole-lamajorelle.com\/dz\/wp-json\/wp\/v2\/pages"}],"about":[{"href":"https:\/\/ecole-lamajorelle.com\/dz\/wp-json\/wp\/v2\/types\/page"}],"author":[{"embeddable":true,"href":"https:\/\/ecole-lamajorelle.com\/dz\/wp-json\/wp\/v2\/users\/1"}],"replies":[{"embeddable":true,"href":"https:\/\/ecole-lamajorelle.com\/dz\/wp-json\/wp\/v2\/comments?post=1458"}],"version-history":[{"count":26,"href":"https:\/\/ecole-lamajorelle.com\/dz\/wp-json\/wp\/v2\/pages\/1458\/revisions"}],"predecessor-version":[{"id":2448,"href":"https:\/\/ecole-lamajorelle.com\/dz\/wp-json\/wp\/v2\/pages\/1458\/revisions\/2448"}],"wp:attachment":[{"href":"https:\/\/ecole-lamajorelle.com\/dz\/wp-json\/wp\/v2\/media?parent=1458"}],"curies":[{"name":"wp","href":"https:\/\/api.w.org\/{rel}","templated":true}]}}